{"id":6270,"date":"2022-08-25T14:09:07","date_gmt":"2022-08-25T12:09:07","guid":{"rendered":"https:\/\/hrdays.net\/?page_id=6270"},"modified":"2022-08-25T14:21:07","modified_gmt":"2022-08-25T12:21:07","slug":"program-2","status":"publish","type":"page","link":"https:\/\/hrdays.net\/en\/program-2\/","title":{"rendered":"program 2"},"content":{"rendered":"<div class=\"wpb-content-wrapper\"><div class=\"col-md-12 col-sm-12 col-xs-12 gt-site-left gt-full-width-site\">\n<div class=\"gt-page-content post-4278 page type-page status-publish hentry\" style=\"padding: 15px 7px!important;\">\n<div class=\"gt-content\">\n<div class=\"vc_row wpb_row vc_row-fluid gt-background-position-initial gt-background-attachment-initial gt-overflow-hidden gt-text-default\">\n<div class=\"wpb_column vc_column_container vc_col-sm-12\">\n<div class=\"vc_column-inner\">\n<div class=\"wpb_wrapper\">\n<div class=\"gt-get-event-content\">\n<div class=\"gt-event-schedule gt-style-1\">\n<ul class=\"gt-schedule-tabs nav\" role=\"tablist\">\n<li><a class=\"active show\" role=\"tab\" href=\"#gt-event-schedule-1\" data-toggle=\"tab\" aria-controls=\"gt-event-schedule-1\" aria-selected=\"true\">WEDNESDAY, 21.9.2022.<\/a><\/li>\n<li><a role=\"tab\" href=\"#gt-event-schedule-2\" data-toggle=\"tab\" aria-controls=\"gt-event-schedule-2\" aria-selected=\"true\">THURSDAY, 22.9.2022.<\/a><\/li>\n<\/ul>\n<div class=\"gt-dropdown\">\n<div class=\"tab-content\">\n<div id=\"gt-event-schedule-1\" class=\"tab-pane fade active show\" role=\"tabpanel\" aria-labelledby=\"nav-gt-event-schedule-1-tab\">\n<div id=\"event-schedule-accardion-507771\" class=\"gt-panel-group\" role=\"tablist\" aria-multiselectable=\"true\">\n<div class=\"gt-panel\">\n<div id=\"event-schedule-heading-287672\" class=\"gt-panel-heading\" role=\"tab\">\n<div class=\"gt-inner\" style=\"background:#f9f9f9; margin:0; border:1px solid #eaeaea; padding: 0 20px\">\n<div class=\"gt-time\">09:00 &#8211; 10:00<\/div>\n<div class=\"gt-title\">Welcome<\/div>\n<\/div>\n<\/div>\n<div id=\"event-schedule-collapse-287672\" class=\"gt-panel-collapse collapse show\" role=\"tabpanel\" aria-labelledby=\"event-schedule-heading-287672\">\n<div class=\"gt-panel-body\">\n<div class=\"gt-text\">\n<h4>Registration and coffee<\/h4>\n<\/div>\n<\/div>\n<\/div>\n<\/div>\n<div class=\"gt-panel\">\n<div id=\"event-schedule-heading-231243\" class=\"gt-panel-heading\" role=\"tab\">\n<div class=\"gt-inner\" style=\"background:#f9f9f9; margin:0; border:1px solid #eaeaea; padding: 0 20px\">\n<div class=\"gt-time\">10:00 &#8211; 10:10<\/div>\n<div class=\"gt-title\">Opening of the conference and greeting of the organizer<\/div>\n<\/div>\n<\/div>\n<div id=\"event-schedule-collapse-231243\" class=\"gt-panel-collapse collapse show\" role=\"tabpanel\" aria-labelledby=\"event-schedule-heading-231243\">\n<div class=\"gt-panel-body\">\n<div class=\"gt-text\">\n<h4>Nata\u0161a Pu\u010dar, Head of Sales, MojPosao<\/h4>\n<\/div>\n<\/div>\n<\/div>\n<\/div>\n<div class=\"gt-panel\">\n<div id=\"event-schedule-heading-945322\" class=\"gt-panel-heading\" role=\"tab\">\n<div class=\"gt-inner\" style=\"background:#f9f9f9; margin:0; border:1px solid #eaeaea; padding: 0 20px\">\n<div class=\"gt-time\">10:10 &#8211; 10:30<\/div>\n<div class=\"gt-title\">Opening Keynote<\/div>\n<\/div>\n<\/div>\n<div id=\"event-schedule-collapse-945322\" class=\"gt-panel-collapse collapse show\" role=\"tabpanel\" aria-labelledby=\"event-schedule-heading-945322\">\n<div class=\"gt-panel-body\">\n<div class=\"gt-text\">\n<h4>Vesa-Pekka Kirsi, Senior Vice President, Alma Career, Alma Media Plc<\/h4>\n<\/div>\n<\/div>\n<\/div>\n<\/div>\n<div class=\"gt-panel\">\n<div id=\"event-schedule-heading-520930\" class=\"gt-panel-heading\" role=\"tab\">\n<div class=\"gt-inner\" style=\"background:#f9f9f9; margin:0; border:1px solid #eaeaea; padding: 0 20px\">\n<div class=\"gt-time\">10:35 &#8211; 11:10<\/div>\n<div class=\"gt-title\">Keynote speech<\/div>\n<\/div>\n<\/div>\n<div id=\"event-schedule-collapse-520930\" class=\"gt-panel-collapse collapse show\" role=\"tabpanel\" aria-labelledby=\"event-schedule-heading-520930\">\n<div class=\"gt-panel-body\">\n<div class=\"gt-text\">\n<h4>You Get Team You deSERVE<\/h4>\n<\/div>\n<div class=\"gt-schedule-speakers\">\n<div class=\"gt-title\">Lecturer:<\/div>\n<div class=\"gt-list\">\n<ul>\n<li>\n<div class=\"gt-detail\">\n<div class=\"gt-name\"><a href=\"https:\/\/hrdays.net\/en\/speaker\/antoni-lacinai\/\">Antoni Lacinai<\/a><\/div>\n<p><span style=\"color:#a69f9f\">International Motivational Speaker<\/span><\/p>\n<\/div>\n<\/li>\n<\/ul>\n<\/div>\n<\/div>\n<\/div>\n<\/div>\n<\/div>\n<div class=\"gt-panel\">\n<div id=\"event-schedule-heading-520930\" class=\"gt-panel-heading\" role=\"tab\">\n<div class=\"gt-inner\" style=\"background:#f9f9f9; margin:0; border:1px solid #eaeaea; padding: 0 20px\">\n<div class=\"gt-time\">11:15 &#8211; 11:55<\/div>\n<div class=\"gt-title\">Keynote speech<\/div>\n<\/div>\n<\/div>\n<div id=\"event-schedule-collapse-520930\" class=\"gt-panel-collapse collapse show\" role=\"tabpanel\" aria-labelledby=\"event-schedule-heading-520930\">\n<div class=\"gt-panel-body\">\n<div class=\"gt-text\">\n<h4>Bringing Humanity Back to Workplace<\/h4>\n<\/div>\n<div class=\"gt-schedule-speakers\">\n<div class=\"gt-title\">Lecturer:<\/div>\n<div class=\"gt-list\">\n<ul>\n<li>\n<div class=\"gt-detail\">\n<div class=\"gt-name\"><a href=\"https:\/\/hrdays.net\/en\/speaker\/claude-silver\/\">Claude Silver<\/a><\/div>\n<p> <span style=\"color:#a69f9f\">Chief Heart Officer, VaynerMedia <\/span><\/p>\n<\/div>\n<\/li>\n<\/ul>\n<\/div>\n<\/div>\n<\/div>\n<\/div>\n<\/div>\n<div class=\"gt-panel\">\n<div id=\"event-schedule-heading-980300\" class=\"gt-panel-heading\" role=\"tab\">\n<div class=\"gt-inner\" style=\"background:#f9f9f9; margin:0; border:1px solid #eaeaea; padding: 0 20px\">\n<div class=\"gt-time\">11:55 &#8211; 12:20<\/div>\n<div class=\"gt-title\">Coffee break\/Coffee with Antoni Lacinai and Claude Silver<\/div>\n<\/div>\n<\/div>\n<\/div>\n<div class=\"gt-panel\">\n<div id=\"event-schedule-heading-961633\" class=\"gt-panel-heading\" role=\"tab\">\n<div class=\"gt-inner\" style=\"background:#f9f9f9; margin:0; border:1px solid #eaeaea; padding: 0 20px\">\n<div class=\"gt-time\">12:20 &#8211; 12:40<\/div>\n<div class=\"gt-title\">Best regional HR Practices 2022<\/div>\n<\/div>\n<\/div>\n<div id=\"event-schedule-collapse-961633\" class=\"gt-panel-collapse collapse show\" role=\"tabpanel\" aria-labelledby=\"event-schedule-heading-961633\">\n<div class=\"gt-panel-body\">\n<div class=\"gt-text\">\n<h4>The announcement of Best regional HR Practice and the presentation of the first HR procject<\/h4>\n<\/div>\n<\/div>\n<\/div>\n<\/div>\n<div class=\"gt-panel\">\n<div id=\"event-schedule-heading-961633\" class=\"gt-panel-heading\" role=\"tab\">\n<div class=\"gt-inner\" style=\"background:#f9f9f9; margin:0; border:1px solid #eaeaea; padding: 0 20px\">\n<div class=\"gt-time\">12:45 &#8211; 13:20 <\/div>\n<div class=\"gt-title\">Keynote speech<\/div>\n<\/div>\n<\/div>\n<div id=\"event-schedule-collapse-520930\" class=\"gt-panel-collapse collapse show\" role=\"tabpanel\" aria-labelledby=\"event-schedule-heading-520930\">\n<div class=\"gt-panel-body\">\n<div class=\"gt-text\">\n<h4>How Culture Drives Innovation<\/h4>\n<\/div>\n<div class=\"gt-schedule-speakers\">\n<div class=\"gt-title\">Lecturer:<\/div>\n<div class=\"gt-list\">\n<ul>\n<li>\n<div class=\"gt-detail\">\n<div class=\"gt-name\"><a href=\"https:\/\/hrdays.net\/en\/speaker\/daniela-landherr\/\">Daniela Landherr<\/a><\/div>\n<p> <span style=\"color:#a69f9f\">Executive coach, lecturer, speake<\/span><\/p>\n<\/div>\n<\/li>\n<\/ul>\n<\/div>\n<\/div>\n<\/div>\n<\/div>\n<\/div>\n<div class=\"gt-panel\">\n<div id=\"event-schedule-heading-2023\" class=\"gt-panel-heading\" role=\"tab\">\n<div class=\"gt-inner\" style=\"background:#f9f9f9; margin:0; border:1px solid #eaeaea; padding: 0 20px\">\n<div class=\"gt-time\">13:20 &#8211; 15:20<\/div>\n<div class=\"gt-title\">Break<\/div>\n<\/div>\n<\/div>\n<div id=\"event-schedule-collapse-2023\" class=\"gt-panel-collapse collapse show\" role=\"tabpanel\" aria-labelledby=\"event-schedule-heading-2023\">\n<div class=\"gt-panel-body\">\n<div class=\"gt-text\">\n<h4>Lunch<\/h4>\n<\/div>\n<\/div>\n<\/div>\n<\/div>\n<div class=\"gt-panel\">\n<div id=\"event-schedule-heading-995391\" class=\"gt-panel-heading\" role=\"tab\">\n<div class=\"gt-inner\" style=\"background:#f9f9f9; margin:0; border:1px solid #eaeaea; padding: 0 20px\">\n<div class=\"gt-time\">15:20 &#8211; 15:45<\/div>\n<div class=\"gt-title\">Best regional HR Practices 2022<\/div>\n<\/div>\n<\/div>\n<div id=\"event-schedule-collapse-995391\" class=\"gt-panel-collapse collapse show\" role=\"tabpanel\" aria-labelledby=\"event-schedule-heading-995391\">\n<div class=\"gt-panel-body\">\n<div class=\"gt-text\">\n<h4>Presentation of the second and third HR project<\/h4>\n<\/div>\n<\/div>\n<\/div>\n<\/div>\n<div class=\"gt-panel\">\n<div id=\"event-schedule-heading-415993\" class=\"gt-panel-heading\" role=\"tab\">\n<div class=\"gt-inner\" style=\"background:#f9f9f9; margin:0; border:1px solid #eaeaea; padding: 0 20px\">\n<div class=\"gt-time\">15:45 &#8211; 16:15<\/div>\n<div class=\"gt-title\">Keynote speech<\/div>\n<\/div>\n<\/div>\n<div id=\"event-schedule-collapse-415993\" class=\"gt-panel-collapse collapse show\" role=\"tabpanel\" aria-labelledby=\"event-schedule-heading-415993\">\n<div class=\"gt-panel-body\">\n<div class=\"gt-text\">\n<h4>Unlocking Emotions in Business World&#8230; Unlocking What?<\/h4>\n<\/div>\n<div class=\"gt-schedule-speakers\">\n<div class=\"gt-title\">Lecturer:<\/div>\n<div class=\"gt-list\">\n<ul>\n<li>\n<div class=\"gt-detail\">\n<div class=\"gt-name\"><a href=\"https:\/\/hrdays.net\/en\/speaker\/pilar-cabral-majerovic\/\">Pilar Cabral Majerovi\u0107<\/a><\/div>\n<p><span style=\"color:#a69f9f\">Business coach<\/span><\/p>\n<\/div>\n<\/li>\n<\/ul>\n<\/div>\n<\/div>\n<\/div>\n<\/div>\n<\/div>\n<div class=\"gt-panel\">\n<div id=\"event-schedule-heading-128212\" class=\"gt-panel-heading\" role=\"tab\">\n<div class=\"gt-inner\" style=\"background:#f9f9f9; margin:0; border:1px solid #eaeaea; padding: 0 20px\">\n<div class=\"gt-time\">16:20 &#8211; 17:00<\/div>\n<div class=\"gt-title\">Monodrama<\/div>\n<\/div>\n<\/div>\n<div id=\"event-schedule-collapse-698738\" class=\"gt-panel-collapse collapse show\" role=\"tabpanel\" aria-labelledby=\"event-schedule-heading-698738\">\n<div class=\"gt-panel-body\">\n<div class=\"gt-text\">\n<h4>Left Right Actor<\/h4>\n<\/div>\n<div class=\"gt-schedule-speakers\">\n<div class=\"gt-title\">Lecturer:<\/div>\n<div class=\"gt-list\">\n<ul>\n<li>\n<div class=\"gt-detail\">\n<div class=\"gt-name\"><a href=\"https:\/\/hrdays.net\/en\/speaker\/zijah-sokolovic\/\">Zijah Sokolovi\u0107<\/a><\/div>\n<p> <span style=\"color:#a69f9f\">Glumac, pisac, re\u017eiser, profesor<\/span><\/p>\n<\/div>\n<\/li>\n<\/ul>\n<\/div>\n<\/div>\n<\/div>\n<\/div>\n<\/div>\n<div class=\"gt-panel\">\n<div id=\"event-schedule-heading-698738\" class=\"gt-panel-heading\" role=\"tab\">\n<div class=\"gt-inner\" style=\"background:#f9f9f9; margin:0; border:1px solid #eaeaea; padding: 0 20px\">\n<div class=\"gt-time\">17:00-17:20<\/div>\n<div class=\"gt-title\">Coffee break\/Coffee with Daniela Landherr and Zijah Sokolovi\u0107<\/div>\n<\/div>\n<\/div>\n<\/div>\n<div class=\"gt-panel\">\n<div id=\"event-schedule-heading-172975\" class=\"gt-panel-heading\" role=\"tab\">\n<div class=\"gt-inner\" style=\"background:#f9f9f9; margin:0; border:1px solid #eaeaea; padding: 0 20px\">\n<div class=\"gt-time\">17:20 &#8211; 18: 30<\/div>\n<div class=\"gt-title\">Parallel workshops<\/div>\n<\/div>\n<\/div>\n<div id=\"event-schedule-collapse-172975\" class=\"gt-panel-collapse collapse show\" role=\"tabpanel\" aria-labelledby=\"event-schedule-heading-172975\">\n<div class=\"gt-panel-body\">\n<div class=\"gt-text\">\n<h4>Workshop: How to Win the War for Talent? Start Keeping Your Talent<\/h4>\n<p>VIP room, hotel Lone<\/p>\n<\/div>\n<div class=\"gt-schedule-speakers\">\n<div class=\"gt-title\">Lecturer:<\/div>\n<div class=\"gt-list\">\n<ul>\n<li>\n<div class=\"gt-detail\">\n<div class=\"gt-name\"><a href=\"https:\/\/hrdays.net\/en\/speaker\/johan-driessens\/\">Johan Driessens<\/a><\/div>\n<\/div>\n<\/li>\n<\/ul>\n<\/div>\n<\/div>\n<\/div>\n<\/div>\n<\/div>\n<div class=\"gt-panel\">\n<div id=\"event-schedule-heading-172975\" class=\"gt-panel-heading\" role=\"tab\">\n<div class=\"gt-inner\" style=\"background:#f9f9f9; margin:0; border:1px solid #eaeaea; padding: 0 20px\">\n<div class=\"gt-time\">17:20 &#8211; 18: 30<\/div>\n<div class=\"gt-title\">Parallel workshops<\/div>\n<\/div>\n<\/div>\n<div id=\"event-schedule-collapse-172975\" class=\"gt-panel-collapse collapse show\" role=\"tabpanel\" aria-labelledby=\"event-schedule-heading-172975\">\n<div class=\"gt-panel-body\">\n<div class=\"gt-text\">\n<h4>Workshop: Hiring - Culture Add or Culture Fit<\/h4>\n<p>Room 6, hotel Lone<\/p>\n<\/div>\n<div class=\"gt-schedule-speakers\">\n<div class=\"gt-title\">Lecturer:<\/div>\n<div class=\"gt-list\">\n<ul>\n<li>\n<div class=\"gt-detail\">\n<div class=\"gt-name\"><a href=\"https:\/\/hrdays.net\/en\/speaker\/daniela-landherr\/\">Daniela Landher<\/a><\/div>\n<\/div>\n<\/li>\n<\/ul>\n<\/div>\n<\/div>\n<\/div>\n<\/div>\n<\/div>\n<div class=\"gt-panel\">\n<div id=\"event-schedule-heading-715985\" class=\"gt-panel-heading\" role=\"tab\">\n<div class=\"gt-inner\" style=\"background:#f9f9f9; margin:0; border:1px solid #eaeaea; padding: 0 20px\">\n<div class=\"gt-time\">17:20 &#8211; 18:30<\/div>\n<div class=\"gt-title\">Parallel workshops<\/div>\n<\/div>\n<\/div>\n<div id=\"event-schedule-collapse-715985\" class=\"gt-panel-collapse collapse show\" role=\"tabpanel\" aria-labelledby=\"event-schedule-heading-715985\">\n<div class=\"gt-panel-body\">\n<div class=\"gt-text\">\n<h4>Workshop: The Levels of Employee Experience in the Hybrid Work Environment <\/h4>\n<p>Conference room, hotel Lone<\/p>\n<\/div>\n<div class=\"gt-schedule-speakers\">\n<div class=\"gt-title\">Lecturer:<\/div>\n<div class=\"gt-list\">\n<ul>\n<li>\n<div class=\"gt-detail\">\n<div class=\"gt-name\"><a href=\"https:\/\/hrdays.net\/en\/radionica-the-levels-of-employee-experience-in-the-hybrid-work-environment\/\">Nic Vasiliu<\/a><\/div>\n<p> <span style=\"color:#a69f9f\">Modern Work Solutions Specialist, Microsoft Central and Eastern <\/span><\/p>\n<\/div>\n<\/li>\n<\/ul>\n<\/div>\n<\/div>\n<\/div>\n<\/div>\n<\/div>\n<div class=\"gt-panel\">\n<div id=\"event-schedule-heading-715985\" class=\"gt-panel-heading\" role=\"tab\">\n<div class=\"gt-inner\" style=\"background:#f9f9f9; margin:0; border:1px solid #eaeaea; padding: 0 20px\">\n<div class=\"gt-time\">17:20 &#8211; 18:50<\/div>\n<div class=\"gt-title\">Masterclass<\/div>\n<\/div>\n<\/div>\n<div id=\"event-schedule-collapse-715985\" class=\"gt-panel-collapse collapse show\" role=\"tabpanel\" aria-labelledby=\"event-schedule-heading-715985\">\n<div class=\"gt-panel-body\">\n<div class=\"gt-text\">\n<h4>Workshop:  I as a Leader \u2013 Connecting to My Inner Emotional Self to Activate Untapped Potential<\/h4>\n<p>Grand Park Hotel, Rovinj<\/p>\n<\/div>\n<div class=\"gt-schedule-speakers\">\n<div class=\"gt-title\">Lecturer:<\/div>\n<div class=\"gt-list\">\n<ul>\n<li>\n<div class=\"gt-detail\">\n<div class=\"gt-name\"><a href=\"https:\/\/hrdays.net\/en\/speaker\/pilar-cabral-majerovic\/\">Pilar Cabral Majerovi\u0107<\/a><\/div>\n<\/div>\n<\/li>\n<\/ul>\n<\/div>\n<\/div>\n<\/div>\n<\/div>\n<\/div>\n<div class=\"gt-panel\">\n<div id=\"event-schedule-heading-737430\" class=\"gt-panel-heading\" role=\"tab\">\n<div class=\"gt-inner\" style=\"background:#f9f9f9; margin:0; border:1px solid #eaeaea; padding: 0 20px\">\n<div class=\"gt-time\">20:30<\/div>\n<div class=\"gt-title\">Informal part of the conference<\/div>\n<\/div>\n<\/div>\n<div id=\"event-schedule-collapse-737430\" class=\"gt-panel-collapse collapse show\" role=\"tabpanel\" aria-labelledby=\"event-schedule-heading-737430\">\n<div class=\"gt-panel-body\">\n<div class=\"gt-text\">\n<h4>Light dinner and party<\/h4>\n<p>Tekka by Lone &#038; Night Club Lone<\/p>\n<\/div>\n<\/div>\n<\/div>\n<\/div>\n<\/div>\n<\/div>\n<div id=\"gt-event-schedule-2\" class=\"tab-pane fade\" role=\"tabpanel\" aria-labelledby=\"nav-gt-event-schedule-2-tab\">\n<div id=\"event-schedule-accardion-507771\" class=\"gt-panel-group\" role=\"tablist\" aria-multiselectable=\"true\">\n<div class=\"gt-panel\">\n<div id=\"event-schedule-heading-352268\" class=\"gt-panel-heading\" role=\"tab\">\n<div class=\"gt-inner\" style=\"background:#f9f9f9; margin:0; border:1px solid #eaeaea; padding: 0 20px\">\n<div class=\"gt-time\">9:00 &#8211; 9:45<\/div>\n<div class=\"gt-title\">Parallel workshops<\/div>\n<\/div>\n<\/div>\n<div id=\"event-schedule-collapse-352268\" class=\"gt-panel-collapse collapse show\" role=\"tabpanel\" aria-labelledby=\"event-schedule-heading-352268\">\n<div class=\"gt-panel-body\">\n<div class=\"gt-text\">\n<h4>Workshop: What is the Connection Between Leadership and Sick Leave <\/h4>\n<p>VIP room, hotel Lone<\/p>\n<\/div>\n<div class=\"gt-schedule-speakers\">\n<div class=\"gt-title\">Lecturer:<\/div>\n<div class=\"gt-list\">\n<ul>\n<li>\n<div class=\"gt-detail\" style=\"float:left\">\n<div class=\"gt-name\"><a href=\"https:\/\/hrdays.net\/en\/speaker\/maja-vucic\/\">Maja Vu\u010di\u0107<\/a><\/div>\n<\/div>\n<div class=\"gt-detail\" style=\"float:left; margin-left: 6px\">\n<div class=\"gt-name\"><a href=\"https:\/\/hrdays.net\/en\/speaker\/sandra-cupurdija\/\"> Sandra \u0106upurdija <\/a><\/div>\n<\/div>\n<div style=\"clear:both;height:0px\"> <\/div>\n<\/li>\n<\/ul>\n<\/div>\n<\/div>\n<\/div>\n<\/div>\n<\/div>\n<div class=\"gt-panel\">\n<div id=\"event-schedule-heading-896705\" class=\"gt-panel-heading\" role=\"tab\">\n<div class=\"gt-inner\" style=\"background:#f9f9f9; margin:0; border:1px solid #eaeaea; padding: 0 20px\">\n<div class=\"gt-time\">9:00 &#8211; 9:45<\/div>\n<div class=\"gt-title\">Parallel workshops<\/div>\n<\/div>\n<\/div>\n<div id=\"event-schedule-collapse-896705\" class=\"gt-panel-collapse collapse show\" role=\"tabpanel\" aria-labelledby=\"event-schedule-heading-896705\">\n<div class=\"gt-panel-body\">\n<div class=\"gt-text\">\n<h4>Workshop: Leaders in the Era of Big Quit: Five Key Skills of People Management <\/h4>\n<p>Conference room, hotel Lone<\/p>\n<\/div>\n<div class=\"gt-schedule-speakers\">\n<div class=\"gt-title\">Lecturer:<\/div>\n<div class=\"gt-list\">\n<ul>\n<li>\n<div class=\"gt-detail\" style=\"float:left\">\n<div class=\"gt-name\"><a href=\"https:\/\/hrdays.net\/en\/speaker\/maja-parmac-kovacic-2\/\">Maja Parma\u010d Kova\u010di\u0107<\/a><\/div>\n<\/div>\n<div class=\"gt-detail\" style=\"float:left; margin-left: 6px\">\n<div class=\"gt-name\"><a href=\"https:\/\/hrdays.net\/en\/speaker\/zvonimir-galic\/\"> Zvonimir Gali\u0107 <\/a><\/div>\n<\/div>\n<div style=\"clear:both;height:0px\"> <\/div>\n<\/li>\n<\/ul>\n<\/div>\n<\/div>\n<\/div>\n<\/div>\n<\/div>\n<div class=\"gt-panel\">\n<div id=\"event-schedule-heading-446878\" class=\"gt-panel-heading\" role=\"tab\">\n<div class=\"gt-inner\" style=\"background:#f9f9f9; margin:0; border:1px solid #eaeaea; padding: 0 20px\">\n<div class=\"gt-time\">9:45 &#8211; 10:00<\/div>\n<div class=\"gt-title\">Coffee break<\/div>\n<\/div>\n<\/div>\n<\/div>\n<div class=\"gt-panel\">\n<div id=\"event-schedule-heading-840678\" class=\"gt-panel-heading\" role=\"tab\">\n<div class=\"gt-inner\" style=\"background:#f9f9f9; margin:0; border:1px solid #eaeaea; padding: 0 20px\">\n<div class=\"gt-time\">10:00 &#8211; 10:40<\/div>\n<div class=\"gt-title\">Keynote speech<\/div>\n<\/div>\n<\/div>\n<div id=\"event-schedule-collapse-840678\" class=\"gt-panel-collapse collapse show\" role=\"tabpanel\" aria-labelledby=\"event-schedule-heading-840678\">\n<div class=\"gt-panel-body\">\n<div class=\"gt-text\">\n<h4>The Immersive Employer Brand<\/h4>\n<\/div>\n<div class=\"gt-schedule-speakers\">\n<div class=\"gt-title\">Lecturer:<\/div>\n<div class=\"gt-list\">\n<ul>\n<li>\n<div class=\"gt-detail\">\n<div class=\"gt-name\"><a href=\"https:\/\/hrdays.net\/en\/speaker\/johan-driessens\/\">Johan Driessens<\/a><\/div>\n<p> <span style=\"color:#a69f9f\">Owner &#038; CEO (Chief Enthusiasm\/Experience Officer), tHRibe world<\/span><\/p>\n<\/div>\n<\/li>\n<\/ul>\n<\/div>\n<\/div>\n<\/div>\n<\/div>\n<\/div>\n<div class=\"gt-panel\">\n<div id=\"event-schedule-heading-588516\" class=\"gt-panel-heading\" role=\"tab\">\n<div class=\"gt-inner\" style=\"background:#f9f9f9; margin:0; border:1px solid #eaeaea; padding: 0 20px\">\n<div class=\"gt-time\">10:45 &#8211; 11:10<\/div>\n<div class=\"gt-title\">Best regional HR Practices 2022<\/div>\n<\/div>\n<\/div>\n<div id=\"event-schedule-collapse-588516\" class=\"gt-panel-collapse collapse show\" role=\"tabpanel\" aria-labelledby=\"event-schedule-heading-588516\">\n<div class=\"gt-panel-body\">\n<div class=\"gt-text\">\n<h4>The presentation of the fourth and fifth HR project<\/h4>\n<\/div>\n<\/div>\n<\/div>\n<\/div>\n<div class=\"gt-panel\">\n<div id=\"event-schedule-heading-588516\" class=\"gt-panel-heading\" role=\"tab\">\n<div class=\"gt-inner\" style=\"background:#f9f9f9; margin:0; border:1px solid #eaeaea\">\n<div class=\"gt-time\">11:15 &#8211; 12: 15<\/div>\n<div class=\"gt-title\">Panel discussion<\/div>\n<\/div>\n<\/div>\n<div id=\"event-schedule-collapse-588516\" class=\"gt-panel-collapse collapse show\" role=\"tabpanel\" aria-labelledby=\"event-schedule-heading-588516\">\n<div class=\"gt-panel-body\">\n<div class=\"gt-text\">\n<h4>Great Resignation: Are you Leaving or Staying?<\/h4>\n<h5 style=\"text-indent: -18.0pt; mso-list: l0 level1 lfo1; background: white; margin: 0cm 0cm 12.0pt 36.0pt;\"><span style=\"font-size: 10.0pt; font-family: Poppins; mso-fareast-font-family: Poppins; color: #333333;\">\u2022\u00a0<\/span><span style=\"font-size: 10.0pt; font-family: Poppins; color: #333333;\">Moderator: Alen Mrvac, journalist of the MojPosao portal<\/span><\/h5>\n<h5 style=\"text-indent: -18.0pt; mso-list: l0 level1 lfo1; background: white; margin: 0cm 0cm 12.0pt 36.0pt;\"><span style=\"font-size: 10.0pt; font-family: Poppins; mso-fareast-font-family: Poppins; color: #333333;\">\u2022 Zvonimir Gali\u0107, Professor, Faculty of Philosophy, University of Zagreb<\/span><\/h5>\n<h5 style=\"text-indent: -18.0pt; mso-list: l0 level1 lfo1; background: white; margin: 0cm 0cm 12.0pt 36.0pt;\"><span style=\"font-size: 10.0pt; font-family: Poppins; mso-fareast-font-family: Poppins; color: #333333;\">\u2022 Emira Duratbegovi\u0107, Head of Human Resources, AS Holding<\/span><\/h5>\n<h5 style=\"text-indent: -18.0pt; mso-list: l0 level1 lfo1; background: white; box-sizing: border-box; font-variant-ligatures: normal; font-variant-caps: normal; orphans: 2; widows: 2; -webkit-text-stroke-width: 0px; text-decoration-thickness: initial; text-decoration-style: initial; text-decoration-color: initial; word-spacing: 0px; margin: 0cm 0cm 12.0pt 36.0pt;\"><span style=\"font-size: 10.0pt; font-family: Poppins; mso-fareast-font-family: Poppins; color: #333333;\">\u2022\u00a0<\/span><span style=\"color: #333333; font-family: Poppins;\"><span style=\"font-size: 13.3333px;\">Dejan Paravan, Chief Innovation Officer, GEN-i<\/span><\/span><\/h5>\n<h5 style=\"text-indent: -18.0pt; mso-list: l0 level1 lfo1; background: white; box-sizing: border-box; font-variant-ligatures: normal; font-variant-caps: normal; orphans: 2; widows: 2; -webkit-text-stroke-width: 0px; text-decoration-thickness: initial; text-decoration-style: initial; text-decoration-color: initial; word-spacing: 0px; margin: 0cm 0cm 12.0pt 36.0pt;\"><span style=\"font-size: 10.0pt; font-family: Poppins; mso-fareast-font-family: Poppins; color: #333333;\">\u2022 Marija Bogi\u0107evi\u0107, HR Manager, sTECH<\/span><\/h5>\n<h5 style=\"text-indent: -18.0pt; mso-list: l0 level1 lfo1; background: white; box-sizing: border-box; font-variant-ligatures: normal; font-variant-caps: normal; orphans: 2; widows: 2; -webkit-text-stroke-width: 0px; text-decoration-thickness: initial; text-decoration-style: initial; text-decoration-color: initial; word-spacing: 0px; margin: 0cm 0cm 12.0pt 36.0pt;\"><span style=\"font-size: 10.0pt; font-family: Poppins; mso-fareast-font-family: Poppins; color: #333333;\">\u2022 Iva Penezi\u0107, HR Director |Issuer &#038; eSecurity Services, Nets CEE<\/span><\/h5>\n<\/div>\n<\/div>\n<\/div>\n<\/div>\n<div class=\"gt-panel\">\n<div id=\"event-schedule-heading-442359\" class=\"gt-panel-heading\" role=\"tab\">\n<div class=\"gt-inner\" style=\"background:#f9f9f9; margin:0; border:1px solid #eaeaea; padding: 0 20px\">\n<div class=\"gt-time\">12:15 &#8211; 12:45<\/div>\n<div class=\"gt-title\">Coffee break\/Coffee with Johan Driessens and Evi Prokopi<\/div>\n<\/div>\n<\/div>\n<\/div>\n<div class=\"gt-panel\">\n<div id=\"event-schedule-heading-96078\" class=\"gt-panel-heading\" role=\"tab\">\n<div class=\"gt-inner\" style=\"background:#f9f9f9; margin:0; border:1px solid #eaeaea; padding: 0 20px\">\n<div class=\"gt-time\">12:45 &#8211; 13:20<\/div>\n<div class=\"gt-title\">Keynote speech<\/div>\n<\/div>\n<\/div>\n<div id=\"event-schedule-collapse-96078\" class=\"gt-panel-collapse collapse show\" role=\"tabpanel\" aria-labelledby=\"event-schedule-heading-96078\">\n<div class=\"gt-panel-body\">\n<div class=\"gt-text\">\n<h4>Responsible Leadershp as a Key Factor for Future of Work in 2025<\/h4>\n<\/div>\n<div class=\"gt-schedule-speakers\">\n<div class=\"gt-title\">Lecturer:<\/div>\n<div class=\"gt-list\">\n<ul>\n<li>\n<div class=\"gt-detail\">\n<div class=\"gt-name\"><a href=\"https:\/\/hrdays.net\/en\/speaker\/evi-prokopi\/\">Dr. Evi Prokopi <\/a><\/div>\n<p> <span style=\"color:#a69f9f\">Success coach, HR &#8211; PM &#8211; Soft skills trainer<\/span><\/p>\n<\/div>\n<\/li>\n<\/ul>\n<\/div>\n<\/div>\n<\/div>\n<\/div>\n<\/div>\n<div class=\"gt-panel\">\n<div id=\"event-schedule-heading-186779\" class=\"gt-panel-heading\" role=\"tab\">\n<div class=\"gt-inner\" style=\"background:#f9f9f9; margin:0; border:1px solid #eaeaea; padding: 0 20px\">\n<div class=\"gt-time\">13:25 &#8211; 13:40<\/div>\n<div class=\"gt-title\">Best regional HR Practices 2022<\/div>\n<\/div>\n<\/div>\n<div id=\"event-schedule-collapse-186779\" class=\"gt-panel-collapse collapse show\" role=\"tabpanel\" aria-labelledby=\"event-schedule-heading-186779\">\n<div class=\"gt-panel-body\">\n<div class=\"gt-text\">\n<h4>Project presentation, voting and the winner announcement<\/h4>\n<\/div>\n<\/div>\n<\/div>\n<\/div>\n<div class=\"gt-panel\">\n<div id=\"event-schedule-heading-96078\" class=\"gt-panel-heading\" role=\"tab\">\n<div class=\"gt-inner\" style=\"background:#f9f9f9; margin:0; border:1px solid #eaeaea; padding: 0 20px\">\n<div class=\"gt-time\">12:45 &#8211; 13:20<\/div>\n<div class=\"gt-title\">Keynote speech<\/div>\n<\/div>\n<\/div>\n<div id=\"event-schedule-collapse-96078\" class=\"gt-panel-collapse collapse show\" role=\"tabpanel\" aria-labelledby=\"event-schedule-heading-96078\">\n<div class=\"gt-panel-body\">\n<div class=\"gt-text\">\n<h4>Kako je People&#038;Culture zamijenio HR?<\/h4>\n<\/div>\n<div class=\"gt-schedule-speakers\">\n<div class=\"gt-title\">Lecturer:<\/div>\n<div class=\"gt-list\">\n<ul>\n<li>\n<div class=\"gt-detail\">\n<div class=\"gt-name\"><a href=\"https:\/\/hrdays.net\/en\/speaker\/vladimira-sencar-perkov\/\">Vladimira Sen\u010dar Perkov <\/a><\/div>\n<p><span style=\"color:#a69f9f\">Human Resources Director, INA <\/span><\/p>\n<\/div>\n<\/li>\n<\/ul>\n<\/div>\n<\/div>\n<\/div>\n<\/div>\n<\/div>\n<div class=\"gt-panel\">\n<div id=\"event-schedule-heading-255217\" class=\"gt-panel-heading\" role=\"tab\">\n<div class=\"gt-inner\" style=\"background:#f9f9f9; margin:0; border:1px solid #eaeaea; padding: 0 20px\">\n<div class=\"gt-time\">14:25 &#8211; 14:30<\/div>\n<div class=\"gt-title\">Conference closing <\/div>\n<\/div>\n<\/div>\n<div id=\"event-schedule-collapse-255217\" class=\"gt-panel-collapse collapse show\" role=\"tabpanel\" aria-labelledby=\"event-schedule-heading-255217\">\n<div class=\"gt-panel-body\">\n<div class=\"gt-text\">\n<h4>Lunch<\/h4>\n<\/div>\n<\/div>\n<\/div>\n<\/div>\n<\/div>\n<\/div>\n<\/div>\n<\/div>\n<\/div>\n<\/div>\n<\/div>\n<\/div>\n<\/div>\n<\/div>\n<\/div>\n<\/div>\n<\/div>\n<\/div>","protected":false},"excerpt":{"rendered":"<p>SRIJEDA, 21.9.2022. \u010cETVRTAK, 22.9.2022. 09:00 &#8211; 10:00 Dobrodo\u0161lica Registracija sudionika i kava 10:00 &#8211; 10:10 Otvaranje konferencije i pozdrav organizatora Nata\u0161a Pu\u010dar, voditeljica Prodaje MojPosao 10:10 &#8211; 10:30 Opening keynote Vesa-Pekka Kirsi, Senior Vice President, Alma Career, Alma Media Plc&#8230;<\/p>","protected":false},"author":4,"featured_media":0,"parent":0,"menu_order":0,"comment_status":"closed","ping_status":"closed","template":"","meta":{"_monsterinsights_skip_tracking":false,"_monsterinsights_sitenote_active":false,"_monsterinsights_sitenote_note":"","_monsterinsights_sitenote_category":0,"footnotes":""},"categories":[],"tags":[],"class_list":["post-6270","page","type-page","status-publish","hentry"],"yoast_head":"<!-- This site is optimized with the Yoast SEO plugin v25.3 - https:\/\/yoast.com\/wordpress\/plugins\/seo\/ -->\n<title>program 2 - HR Days<\/title>\n<meta name=\"robots\" content=\"index, follow, max-snippet:-1, max-image-preview:large, max-video-preview:-1\" \/>\n<link rel=\"canonical\" href=\"https:\/\/hrdays.net\/en\/program-2\/\" \/>\n<meta property=\"og:locale\" content=\"en_GB\" \/>\n<meta property=\"og:type\" content=\"article\" \/>\n<meta property=\"og:title\" content=\"program 2 - HR Days\" \/>\n<meta property=\"og:description\" content=\"SRIJEDA, 21.9.2022. \u010cETVRTAK, 22.9.2022. 09:00 &#8211; 10:00 Dobrodo\u0161lica Registracija sudionika i kava 10:00 &#8211; 10:10 Otvaranje konferencije i pozdrav organizatora Nata\u0161a Pu\u010dar, voditeljica Prodaje MojPosao 10:10 &#8211; 10:30 Opening keynote Vesa-Pekka Kirsi, Senior Vice President, Alma Career, Alma Media Plc...\" \/>\n<meta property=\"og:url\" content=\"https:\/\/hrdays.net\/en\/program-2\/\" \/>\n<meta property=\"og:site_name\" content=\"HR Days\" \/>\n<meta property=\"article:modified_time\" content=\"2022-08-25T12:21:07+00:00\" \/>\n<meta property=\"og:image\" content=\"https:\/\/hrdays.net\/wp-content\/uploads\/2021\/03\/rovinj-conference-2.jpg\" \/>\n\t<meta property=\"og:image:width\" content=\"1200\" \/>\n\t<meta property=\"og:image:height\" content=\"573\" \/>\n\t<meta property=\"og:image:type\" content=\"image\/jpeg\" \/>\n<meta name=\"twitter:card\" content=\"summary_large_image\" \/>\n<meta name=\"twitter:label1\" content=\"Estimated reading time\" \/>\n\t<meta name=\"twitter:data1\" content=\"3 minutes\" \/>\n<script type=\"application\/ld+json\" class=\"yoast-schema-graph\">{\"@context\":\"https:\/\/schema.org\",\"@graph\":[{\"@type\":\"WebPage\",\"@id\":\"https:\/\/hrdays.net\/program-2\/\",\"url\":\"https:\/\/hrdays.net\/program-2\/\",\"name\":\"program 2 - HR Days\",\"isPartOf\":{\"@id\":\"https:\/\/hrdays.net\/#website\"},\"datePublished\":\"2022-08-25T12:09:07+00:00\",\"dateModified\":\"2022-08-25T12:21:07+00:00\",\"breadcrumb\":{\"@id\":\"https:\/\/hrdays.net\/program-2\/#breadcrumb\"},\"inLanguage\":\"en-GB\",\"potentialAction\":[{\"@type\":\"ReadAction\",\"target\":[\"https:\/\/hrdays.net\/program-2\/\"]}]},{\"@type\":\"BreadcrumbList\",\"@id\":\"https:\/\/hrdays.net\/program-2\/#breadcrumb\",\"itemListElement\":[{\"@type\":\"ListItem\",\"position\":1,\"name\":\"Home\",\"item\":\"https:\/\/hrdays.net\/\"},{\"@type\":\"ListItem\",\"position\":2,\"name\":\"program 2\"}]},{\"@type\":\"WebSite\",\"@id\":\"https:\/\/hrdays.net\/#website\",\"url\":\"https:\/\/hrdays.net\/\",\"name\":\"HR Days\",\"description\":\"HRDays - konferencija o upravljanju ljudskim resursima\",\"potentialAction\":[{\"@type\":\"SearchAction\",\"target\":{\"@type\":\"EntryPoint\",\"urlTemplate\":\"https:\/\/hrdays.net\/?s={search_term_string}\"},\"query-input\":{\"@type\":\"PropertyValueSpecification\",\"valueRequired\":true,\"valueName\":\"search_term_string\"}}],\"inLanguage\":\"en-GB\"}]}<\/script>\n<!-- \/ Yoast SEO plugin. -->","yoast_head_json":{"title":"program 2 - HR Days","robots":{"index":"index","follow":"follow","max-snippet":"max-snippet:-1","max-image-preview":"max-image-preview:large","max-video-preview":"max-video-preview:-1"},"canonical":"https:\/\/hrdays.net\/en\/program-2\/","og_locale":"en_GB","og_type":"article","og_title":"program 2 - HR Days","og_description":"SRIJEDA, 21.9.2022. \u010cETVRTAK, 22.9.2022. 09:00 &#8211; 10:00 Dobrodo\u0161lica Registracija sudionika i kava 10:00 &#8211; 10:10 Otvaranje konferencije i pozdrav organizatora Nata\u0161a Pu\u010dar, voditeljica Prodaje MojPosao 10:10 &#8211; 10:30 Opening keynote Vesa-Pekka Kirsi, Senior Vice President, Alma Career, Alma Media Plc...","og_url":"https:\/\/hrdays.net\/en\/program-2\/","og_site_name":"HR Days","article_modified_time":"2022-08-25T12:21:07+00:00","og_image":[{"width":1200,"height":573,"url":"https:\/\/hrdays.net\/wp-content\/uploads\/2021\/03\/rovinj-conference-2.jpg","type":"image\/jpeg"}],"twitter_card":"summary_large_image","twitter_misc":{"Estimated reading time":"3 minutes"},"schema":{"@context":"https:\/\/schema.org","@graph":[{"@type":"WebPage","@id":"https:\/\/hrdays.net\/program-2\/","url":"https:\/\/hrdays.net\/program-2\/","name":"program 2 - HR Days","isPartOf":{"@id":"https:\/\/hrdays.net\/#website"},"datePublished":"2022-08-25T12:09:07+00:00","dateModified":"2022-08-25T12:21:07+00:00","breadcrumb":{"@id":"https:\/\/hrdays.net\/program-2\/#breadcrumb"},"inLanguage":"en-GB","potentialAction":[{"@type":"ReadAction","target":["https:\/\/hrdays.net\/program-2\/"]}]},{"@type":"BreadcrumbList","@id":"https:\/\/hrdays.net\/program-2\/#breadcrumb","itemListElement":[{"@type":"ListItem","position":1,"name":"Home","item":"https:\/\/hrdays.net\/"},{"@type":"ListItem","position":2,"name":"program 2"}]},{"@type":"WebSite","@id":"https:\/\/hrdays.net\/#website","url":"https:\/\/hrdays.net\/","name":"HR Days","description":"HRDays - konferencija o upravljanju ljudskim resursima","potentialAction":[{"@type":"SearchAction","target":{"@type":"EntryPoint","urlTemplate":"https:\/\/hrdays.net\/?s={search_term_string}"},"query-input":{"@type":"PropertyValueSpecification","valueRequired":true,"valueName":"search_term_string"}}],"inLanguage":"en-GB"}]}},"_links":{"self":[{"href":"https:\/\/hrdays.net\/en\/wp-json\/wp\/v2\/pages\/6270","targetHints":{"allow":["GET"]}}],"collection":[{"href":"https:\/\/hrdays.net\/en\/wp-json\/wp\/v2\/pages"}],"about":[{"href":"https:\/\/hrdays.net\/en\/wp-json\/wp\/v2\/types\/page"}],"author":[{"embeddable":true,"href":"https:\/\/hrdays.net\/en\/wp-json\/wp\/v2\/users\/4"}],"replies":[{"embeddable":true,"href":"https:\/\/hrdays.net\/en\/wp-json\/wp\/v2\/comments?post=6270"}],"version-history":[{"count":5,"href":"https:\/\/hrdays.net\/en\/wp-json\/wp\/v2\/pages\/6270\/revisions"}],"predecessor-version":[{"id":6276,"href":"https:\/\/hrdays.net\/en\/wp-json\/wp\/v2\/pages\/6270\/revisions\/6276"}],"wp:attachment":[{"href":"https:\/\/hrdays.net\/en\/wp-json\/wp\/v2\/media?parent=6270"}],"wp:term":[{"taxonomy":"category","embeddable":true,"href":"https:\/\/hrdays.net\/en\/wp-json\/wp\/v2\/categories?post=6270"},{"taxonomy":"post_tag","embeddable":true,"href":"https:\/\/hrdays.net\/en\/wp-json\/wp\/v2\/tags?post=6270"}],"curies":[{"name":"wp","href":"https:\/\/api.w.org\/{rel}","templated":true}]}}