{"id":5693,"date":"2022-04-26T15:46:32","date_gmt":"2022-04-26T13:46:32","guid":{"rendered":"https:\/\/hrdays.net\/?page_id=5693"},"modified":"2024-09-16T15:09:39","modified_gmt":"2024-09-16T13:09:39","slug":"govornici-2024","status":"publish","type":"page","link":"https:\/\/hrdays.net\/en\/govornici-2024\/","title":{"rendered":"Speakers 2024"},"content":{"rendered":"<div class=\"wpb-content-wrapper\"><div class=\"vc_row wpb_row vc_row-fluid gt-background-position-initial gt-background-attachment-initial gt-overflow-hidden gt-text-default\"><div class=\"wpb_column vc_column_container vc_col-sm-4\"><div class=\"vc_column-inner\"><div class=\"wpb_wrapper\"><div class=\"vc_empty_space\"   style=\"height: 15px\"><span class=\"vc_empty_space_inner\"><\/span><\/div><div class=\"gt-speakers-listing gt-style-1\"><div class=\"gt-columns gt-column-1 gt-column-space-0\"><div class=\"gt-col\"><div class=\"gt-inner\"><div class=\"gt-speaker gt-style-5\"><div class=\"gt-image\"><a href=\"https:\/\/hrdays.net\/en\/speaker\/ronan-harrington\/\"><img loading=\"lazy\" decoding=\"async\" width=\"615\" height=\"640\" src=\"https:\/\/hrdays.net\/wp-content\/uploads\/2024\/03\/ronan-harrington-615x640-1.jpg\" class=\"attachment-eventchamp-speaker size-eventchamp-speaker\" alt=\"\" 0=\"\" srcset=\"https:\/\/hrdays.net\/wp-content\/uploads\/2024\/03\/ronan-harrington-615x640-1.jpg 615w, https:\/\/hrdays.net\/wp-content\/uploads\/2024\/03\/ronan-harrington-615x640-1-288x300.jpg 288w, https:\/\/hrdays.net\/wp-content\/uploads\/2024\/03\/ronan-harrington-615x640-1-12x12.jpg 12w\" sizes=\"auto, (max-width: 615px) 100vw, 615px\" \/><\/a><\/div><div class=\"gt-content\"><div class=\"gt-name\"><a href=\"https:\/\/hrdays.net\/en\/speaker\/ronan-harrington\/\">Ronan Harrington<\/a><\/div><div class=\"gt-profession\">International Keynote Speaker | Resilience, High Performance Expert, Top Public Speaking Voice<\/div><div class=\"gt-text\">The 3Ms: a New Model of Sustainable Performance<\/div><\/div><\/div><\/div><\/div><\/div><\/div><\/div><\/div><\/div><div class=\"wpb_column vc_column_container vc_col-sm-4\"><div class=\"vc_column-inner\"><div class=\"wpb_wrapper\"><div class=\"vc_empty_space\"   style=\"height: 15px\"><span class=\"vc_empty_space_inner\"><\/span><\/div><div class=\"gt-speakers-listing gt-style-1\"><div class=\"gt-columns gt-column-1 gt-column-space-0\"><div class=\"gt-col\"><div class=\"gt-inner\"><div class=\"gt-speaker gt-style-5\"><div class=\"gt-image\"><a href=\"https:\/\/hrdays.net\/en\/speaker\/dr-armin-trost\/\"><img loading=\"lazy\" decoding=\"async\" width=\"615\" height=\"640\" src=\"https:\/\/hrdays.net\/wp-content\/uploads\/2023\/11\/armin-trost1-615x640-1.jpg\" class=\"attachment-eventchamp-speaker size-eventchamp-speaker\" alt=\"\" 0=\"\" srcset=\"https:\/\/hrdays.net\/wp-content\/uploads\/2023\/11\/armin-trost1-615x640-1.jpg 615w, https:\/\/hrdays.net\/wp-content\/uploads\/2023\/11\/armin-trost1-615x640-1-288x300.jpg 288w, https:\/\/hrdays.net\/wp-content\/uploads\/2023\/11\/armin-trost1-615x640-1-12x12.jpg 12w\" sizes=\"auto, (max-width: 615px) 100vw, 615px\" \/><\/a><\/div><div class=\"gt-content\"><div class=\"gt-name\"><a href=\"https:\/\/hrdays.net\/en\/speaker\/dr-armin-trost\/\">Dr. Armin Trost<\/a><\/div><div class=\"gt-profession\">Professor, Author, Speaker &amp; Consultant <\/div><div class=\"gt-text\">The Art of Retention \u2013 How managers mindfully can build strong ties to their employees<\/div><\/div><\/div><\/div><\/div><\/div><\/div><\/div><\/div><\/div><div class=\"wpb_column vc_column_container vc_col-sm-4\"><div class=\"vc_column-inner\"><div class=\"wpb_wrapper\"><div class=\"vc_empty_space\"   style=\"height: 15px\"><span class=\"vc_empty_space_inner\"><\/span><\/div><div class=\"gt-speakers-listing gt-style-1\"><div class=\"gt-columns gt-column-1 gt-column-space-0\"><div class=\"gt-col\"><div class=\"gt-inner\"><div class=\"gt-speaker gt-style-5\"><div class=\"gt-image\"><a href=\"https:\/\/hrdays.net\/en\/speaker\/dr-maggi-evans\/\"><img loading=\"lazy\" decoding=\"async\" width=\"615\" height=\"640\" src=\"https:\/\/hrdays.net\/wp-content\/uploads\/2023\/12\/maggi-evans-615x640-3.jpg\" class=\"attachment-eventchamp-speaker size-eventchamp-speaker\" alt=\"\" 0=\"\" srcset=\"https:\/\/hrdays.net\/wp-content\/uploads\/2023\/12\/maggi-evans-615x640-3.jpg 615w, https:\/\/hrdays.net\/wp-content\/uploads\/2023\/12\/maggi-evans-615x640-3-288x300.jpg 288w, https:\/\/hrdays.net\/wp-content\/uploads\/2023\/12\/maggi-evans-615x640-3-12x12.jpg 12w\" sizes=\"auto, (max-width: 615px) 100vw, 615px\" \/><\/a><\/div><div class=\"gt-content\"><div class=\"gt-name\"><a href=\"https:\/\/hrdays.net\/en\/speaker\/dr-maggi-evans\/\">Dr. Maggi Evans<\/a><\/div><div class=\"gt-profession\">Consultant, Psychologist, Top Team Facilitation<\/div><div class=\"gt-text\">PREDAVANJE: Transforming Underachievers &amp; Getting Everyone on the Pitch  RADIONICA: Driving profit and increasing predictive validity in recruitment<\/div><\/div><\/div><\/div><\/div><\/div><\/div><\/div><\/div><\/div><\/div><div class=\"vc_row wpb_row vc_row-fluid gt-background-position-initial gt-background-attachment-initial gt-overflow-hidden gt-text-default\"><div class=\"wpb_column vc_column_container vc_col-sm-4\"><div class=\"vc_column-inner\"><div class=\"wpb_wrapper\"><div class=\"vc_empty_space\"   style=\"height: 15px\"><span class=\"vc_empty_space_inner\"><\/span><\/div><div class=\"gt-speakers-listing gt-style-1\"><div class=\"gt-columns gt-column-1 gt-column-space-0\"><div class=\"gt-col\"><div class=\"gt-inner\"><div class=\"gt-speaker gt-style-5\"><div class=\"gt-image\"><a href=\"https:\/\/hrdays.net\/en\/speaker\/alex-her\/\"><img loading=\"lazy\" decoding=\"async\" width=\"615\" height=\"640\" src=\"https:\/\/hrdays.net\/wp-content\/uploads\/2024\/03\/alex-her-615x640-2.jpg\" class=\"attachment-eventchamp-speaker size-eventchamp-speaker\" alt=\"\" 0=\"\" srcset=\"https:\/\/hrdays.net\/wp-content\/uploads\/2024\/03\/alex-her-615x640-2.jpg 615w, https:\/\/hrdays.net\/wp-content\/uploads\/2024\/03\/alex-her-615x640-2-288x300.jpg 288w, https:\/\/hrdays.net\/wp-content\/uploads\/2024\/03\/alex-her-615x640-2-12x12.jpg 12w\" sizes=\"auto, (max-width: 615px) 100vw, 615px\" \/><\/a><\/div><div class=\"gt-content\"><div class=\"gt-name\"><a href=\"https:\/\/hrdays.net\/en\/speaker\/alex-her\/\">Alex Her<\/a><\/div><div class=\"gt-profession\">Global Employer Brand Storyteller, Talent Brand Leader of the Year, Top 50 Recruitment Influencer<\/div><div class=\"gt-text\">What you can expect Beyond Buzzwords: Utilizing the Power of Content Marketing to Attract Talent and Staying Ahead of the Competition<\/div><\/div><\/div><\/div><\/div><\/div><\/div><\/div><\/div><\/div><div class=\"wpb_column vc_column_container vc_col-sm-4\"><div class=\"vc_column-inner\"><div class=\"wpb_wrapper\"><div class=\"vc_empty_space\"   style=\"height: 15px\"><span class=\"vc_empty_space_inner\"><\/span><\/div><div class=\"gt-speakers-listing gt-style-1\"><div class=\"gt-columns gt-column-1 gt-column-space-0\"><div class=\"gt-col\"><div class=\"gt-inner\"><div class=\"gt-speaker gt-style-5\"><div class=\"gt-image\"><a href=\"https:\/\/hrdays.net\/en\/speaker\/geertrui-mieke-de-ketelaere\/\"><img loading=\"lazy\" decoding=\"async\" width=\"615\" height=\"640\" src=\"https:\/\/hrdays.net\/wp-content\/uploads\/2024\/03\/Gertrude-615x640-2.jpg\" class=\"attachment-eventchamp-speaker size-eventchamp-speaker\" alt=\"\" 0=\"\" srcset=\"https:\/\/hrdays.net\/wp-content\/uploads\/2024\/03\/Gertrude-615x640-2.jpg 615w, https:\/\/hrdays.net\/wp-content\/uploads\/2024\/03\/Gertrude-615x640-2-288x300.jpg 288w, https:\/\/hrdays.net\/wp-content\/uploads\/2024\/03\/Gertrude-615x640-2-12x12.jpg 12w\" sizes=\"auto, (max-width: 615px) 100vw, 615px\" \/><\/a><\/div><div class=\"gt-content\"><div class=\"gt-name\"><a href=\"https:\/\/hrdays.net\/en\/speaker\/geertrui-mieke-de-ketelaere\/\">Geertrui Mieke De Ketelaere<\/a><\/div><div class=\"gt-profession\">Adjunct Professor at Vlerick Business School, Keynote Speaker, Author, Coach<\/div><div class=\"gt-text\">The Good, the Bad &amp; the Ugly of AI<\/div><\/div><\/div><\/div><\/div><\/div><\/div><\/div><\/div><\/div><div class=\"wpb_column vc_column_container vc_col-sm-4\"><div class=\"vc_column-inner\"><div class=\"wpb_wrapper\"><div class=\"vc_empty_space\"   style=\"height: 15px\"><span class=\"vc_empty_space_inner\"><\/span><\/div><div class=\"gt-speakers-listing gt-style-1\"><div class=\"gt-columns gt-column-1 gt-column-space-0\"><div class=\"gt-col\"><div class=\"gt-inner\"><div class=\"gt-speaker gt-style-5\"><div class=\"gt-image\"><a href=\"https:\/\/hrdays.net\/en\/speaker\/debra-corey-2\/\"><img loading=\"lazy\" decoding=\"async\" width=\"615\" height=\"640\" src=\"https:\/\/hrdays.net\/wp-content\/uploads\/2023\/12\/Debra-Corey-615x640-1.jpg\" class=\"attachment-eventchamp-speaker size-eventchamp-speaker\" alt=\"\" 0=\"\" srcset=\"https:\/\/hrdays.net\/wp-content\/uploads\/2023\/12\/Debra-Corey-615x640-1.jpg 615w, https:\/\/hrdays.net\/wp-content\/uploads\/2023\/12\/Debra-Corey-615x640-1-288x300.jpg 288w, https:\/\/hrdays.net\/wp-content\/uploads\/2023\/12\/Debra-Corey-615x640-1-12x12.jpg 12w\" sizes=\"auto, (max-width: 615px) 100vw, 615px\" \/><\/a><\/div><div class=\"gt-content\"><div class=\"gt-name\"><a href=\"https:\/\/hrdays.net\/en\/speaker\/debra-corey-2\/\">Debra Corey<\/a><\/div><div class=\"gt-profession\">Consultant, Author, Speaker<\/div><div class=\"gt-text\">How to Stop Your Bad Bosses from Ruining Lives<\/div><\/div><\/div><\/div><\/div><\/div><\/div><\/div><\/div><\/div><\/div><div class=\"vc_row wpb_row vc_row-fluid gt-background-position-initial gt-background-attachment-initial gt-overflow-hidden gt-text-default\"><div class=\"wpb_column vc_column_container vc_col-sm-4\"><div class=\"vc_column-inner\"><div class=\"wpb_wrapper\"><div class=\"vc_empty_space\"   style=\"height: 15px\"><span class=\"vc_empty_space_inner\"><\/span><\/div><div class=\"gt-speakers-listing gt-style-1\"><div class=\"gt-columns gt-column-1 gt-column-space-0\"><div class=\"gt-col\"><div class=\"gt-inner\"><div class=\"gt-speaker gt-style-5\"><div class=\"gt-image\"><a href=\"https:\/\/hrdays.net\/en\/speaker\/ken-corey\/\"><img loading=\"lazy\" decoding=\"async\" width=\"615\" height=\"640\" src=\"https:\/\/hrdays.net\/wp-content\/uploads\/2023\/12\/Ken-615x640-1.jpg\" class=\"attachment-eventchamp-speaker size-eventchamp-speaker\" alt=\"\" 0=\"\" srcset=\"https:\/\/hrdays.net\/wp-content\/uploads\/2023\/12\/Ken-615x640-1.jpg 615w, https:\/\/hrdays.net\/wp-content\/uploads\/2023\/12\/Ken-615x640-1-288x300.jpg 288w, https:\/\/hrdays.net\/wp-content\/uploads\/2023\/12\/Ken-615x640-1-12x12.jpg 12w\" sizes=\"auto, (max-width: 615px) 100vw, 615px\" \/><\/a><\/div><div class=\"gt-content\"><div class=\"gt-name\"><a href=\"https:\/\/hrdays.net\/en\/speaker\/ken-corey\/\">Ken Corey<\/a><\/div><div class=\"gt-profession\">Engineering Manager, Author<\/div><div class=\"gt-text\">How to Stop Your Bad Bosses from Ruining Lives<\/div><\/div><\/div><\/div><\/div><\/div><\/div><\/div><\/div><\/div><div class=\"wpb_column vc_column_container vc_col-sm-4\"><div class=\"vc_column-inner\"><div class=\"wpb_wrapper\"><div class=\"vc_empty_space\"   style=\"height: 15px\"><span class=\"vc_empty_space_inner\"><\/span><\/div><div class=\"gt-speakers-listing gt-style-1\"><div class=\"gt-columns gt-column-1 gt-column-space-0\"><div class=\"gt-col\"><div class=\"gt-inner\"><div class=\"gt-speaker gt-style-5\"><div class=\"gt-image\"><a href=\"https:\/\/hrdays.net\/en\/speaker\/dr-sc-dario-car-2\/\"><img loading=\"lazy\" decoding=\"async\" width=\"615\" height=\"640\" src=\"https:\/\/hrdays.net\/wp-content\/uploads\/2023\/07\/car-615x640-1.png\" class=\"attachment-eventchamp-speaker size-eventchamp-speaker\" alt=\"\" 0=\"\" srcset=\"https:\/\/hrdays.net\/wp-content\/uploads\/2023\/07\/car-615x640-1.png 615w, https:\/\/hrdays.net\/wp-content\/uploads\/2023\/07\/car-615x640-1-288x300.png 288w, https:\/\/hrdays.net\/wp-content\/uploads\/2023\/07\/car-615x640-1-12x12.png 12w\" sizes=\"auto, (max-width: 615px) 100vw, 615px\" \/><\/a><\/div><div class=\"gt-content\"><div class=\"gt-name\"><a href=\"https:\/\/hrdays.net\/en\/speaker\/dr-sc-dario-car-2\/\">Dario Car, Ph.D.<\/a><\/div><div class=\"gt-profession\">Senior HR consultant | DeeP Project<\/div><div class=\"gt-text\">Neuroscience in Creating High-Functioning Teams<\/div><\/div><\/div><\/div><\/div><\/div><\/div><\/div><\/div><\/div><div class=\"wpb_column vc_column_container vc_col-sm-4\"><div class=\"vc_column-inner\"><div class=\"wpb_wrapper\"><div class=\"vc_empty_space\"   style=\"height: 15px\"><span class=\"vc_empty_space_inner\"><\/span><\/div><div class=\"gt-speakers-listing gt-style-1\"><div class=\"gt-columns gt-column-1 gt-column-space-0\"><div class=\"gt-col\"><div class=\"gt-inner\"><div class=\"gt-speaker gt-style-5\"><div class=\"gt-image\"><a href=\"https:\/\/hrdays.net\/en\/speaker\/adrijana-strnad\/\"><img loading=\"lazy\" decoding=\"async\" width=\"615\" height=\"640\" src=\"https:\/\/hrdays.net\/wp-content\/uploads\/2024\/03\/adrijana-strnad-615x640-1.jpg\" class=\"attachment-eventchamp-speaker size-eventchamp-speaker\" alt=\"\" 0=\"\" srcset=\"https:\/\/hrdays.net\/wp-content\/uploads\/2024\/03\/adrijana-strnad-615x640-1.jpg 615w, https:\/\/hrdays.net\/wp-content\/uploads\/2024\/03\/adrijana-strnad-615x640-1-288x300.jpg 288w, https:\/\/hrdays.net\/wp-content\/uploads\/2024\/03\/adrijana-strnad-615x640-1-12x12.jpg 12w\" sizes=\"auto, (max-width: 615px) 100vw, 615px\" \/><\/a><\/div><div class=\"gt-content\"><div class=\"gt-name\"><a href=\"https:\/\/hrdays.net\/en\/speaker\/adrijana-strnad\/\">Adrijana Strnad<\/a><\/div><div class=\"gt-profession\">Executive&amp;Team coaching, Leadership Training, Facilitation<\/div><div class=\"gt-text\">Learning Agility - Does Knowledge Have an Expiration Date and Why it's Important to Know Not Knowing<\/div><\/div><\/div><\/div><\/div><\/div><\/div><\/div><\/div><\/div><\/div><div class=\"vc_row wpb_row vc_row-fluid gt-background-position-initial gt-background-attachment-initial gt-overflow-hidden gt-text-default\"><div class=\"wpb_column vc_column_container vc_col-sm-4\"><div class=\"vc_column-inner\"><div class=\"wpb_wrapper\"><div class=\"vc_empty_space\"   style=\"height: 15px\"><span class=\"vc_empty_space_inner\"><\/span><\/div><div class=\"gt-speakers-listing gt-style-1\"><div class=\"gt-columns gt-column-1 gt-column-space-0\"><div class=\"gt-col\"><div class=\"gt-inner\"><div class=\"gt-speaker gt-style-5\"><div class=\"gt-image\"><a href=\"https:\/\/hrdays.net\/en\/speaker\/ivan-vidis\/\"><img loading=\"lazy\" decoding=\"async\" width=\"615\" height=\"640\" src=\"https:\/\/hrdays.net\/wp-content\/uploads\/2024\/04\/ivan-vidis-615x640-1.png\" class=\"attachment-eventchamp-speaker size-eventchamp-speaker\" alt=\"\" 0=\"\" srcset=\"https:\/\/hrdays.net\/wp-content\/uploads\/2024\/04\/ivan-vidis-615x640-1.png 615w, https:\/\/hrdays.net\/wp-content\/uploads\/2024\/04\/ivan-vidis-615x640-1-288x300.png 288w, https:\/\/hrdays.net\/wp-content\/uploads\/2024\/04\/ivan-vidis-615x640-1-12x12.png 12w\" sizes=\"auto, (max-width: 615px) 100vw, 615px\" \/><\/a><\/div><div class=\"gt-content\"><div class=\"gt-name\"><a href=\"https:\/\/hrdays.net\/en\/speaker\/ivan-vidis\/\">Ivan Vidi\u0161<\/a><\/div><div class=\"gt-profession\">State Secretary at the Ministry of Labor, Pension System, Family, and Social Policy<\/div><div class=\"gt-text\">Cultural fusion in the labor market \u2013 how we build bridges of inclusion towards foreign workers<\/div><\/div><\/div><\/div><\/div><\/div><\/div><\/div><\/div><\/div><div class=\"wpb_column vc_column_container vc_col-sm-4\"><div class=\"vc_column-inner\"><div class=\"wpb_wrapper\"><div class=\"vc_empty_space\"   style=\"height: 15px\"><span class=\"vc_empty_space_inner\"><\/span><\/div><div class=\"gt-speakers-listing gt-style-1\"><div class=\"gt-columns gt-column-1 gt-column-space-0\"><div class=\"gt-col\"><div class=\"gt-inner\"><div class=\"gt-speaker gt-style-5\"><div class=\"gt-image\"><a href=\"https:\/\/hrdays.net\/en\/speaker\/antonija-busic-crnkovic-2\/\"><img loading=\"lazy\" decoding=\"async\" width=\"615\" height=\"640\" src=\"https:\/\/hrdays.net\/wp-content\/uploads\/2024\/03\/tonka-615x640-1.jpg\" class=\"attachment-eventchamp-speaker size-eventchamp-speaker\" alt=\"\" 0=\"\" srcset=\"https:\/\/hrdays.net\/wp-content\/uploads\/2024\/03\/tonka-615x640-1.jpg 615w, https:\/\/hrdays.net\/wp-content\/uploads\/2024\/03\/tonka-615x640-1-288x300.jpg 288w, https:\/\/hrdays.net\/wp-content\/uploads\/2024\/03\/tonka-615x640-1-12x12.jpg 12w\" sizes=\"auto, (max-width: 615px) 100vw, 615px\" \/><\/a><\/div><div class=\"gt-content\"><div class=\"gt-name\"><a href=\"https:\/\/hrdays.net\/en\/speaker\/antonija-busic-crnkovic-2\/\">Antonija Bu\u0161i\u0107 Crnkovi\u0107<\/a><\/div><div class=\"gt-profession\">Senior researcher | Alma Career Croatia<\/div><div class=\"gt-text\">The Road to Success is Paved with Action Plans<\/div><\/div><\/div><\/div><\/div><\/div><\/div><\/div><\/div><\/div><div class=\"wpb_column vc_column_container vc_col-sm-4\"><div class=\"vc_column-inner\"><div class=\"wpb_wrapper\"><div class=\"vc_empty_space\"   style=\"height: 15px\"><span class=\"vc_empty_space_inner\"><\/span><\/div><div class=\"gt-speakers-listing gt-style-1\"><div class=\"gt-columns gt-column-1 gt-column-space-0\"><div class=\"gt-col\"><div class=\"gt-inner\"><div class=\"gt-speaker gt-style-5\"><div class=\"gt-image\"><a href=\"https:\/\/hrdays.net\/en\/speaker\/petar-calic-2\/\"><img loading=\"lazy\" decoding=\"async\" width=\"615\" height=\"640\" src=\"https:\/\/hrdays.net\/wp-content\/uploads\/2023\/07\/calic-615x640-1.png\" class=\"attachment-eventchamp-speaker size-eventchamp-speaker\" alt=\"\" 0=\"\" srcset=\"https:\/\/hrdays.net\/wp-content\/uploads\/2023\/07\/calic-615x640-1.png 615w, https:\/\/hrdays.net\/wp-content\/uploads\/2023\/07\/calic-615x640-1-288x300.png 288w, https:\/\/hrdays.net\/wp-content\/uploads\/2023\/07\/calic-615x640-1-12x12.png 12w\" sizes=\"auto, (max-width: 615px) 100vw, 615px\" \/><\/a><\/div><div class=\"gt-content\"><div class=\"gt-name\"><a href=\"https:\/\/hrdays.net\/en\/speaker\/petar-calic-2\/\">Petar \u010cali\u0107<\/a><\/div><div class=\"gt-profession\">HR consultant | DeeP Project <\/div><div class=\"gt-text\">Neuroscience in Creating High-Functioning Teams<\/div><\/div><\/div><\/div><\/div><\/div><\/div><\/div><\/div><\/div><\/div><div class=\"vc_row wpb_row vc_row-fluid gt-background-position-initial gt-background-attachment-initial gt-overflow-hidden gt-text-default\"><div class=\"wpb_column vc_column_container vc_col-sm-4\"><div class=\"vc_column-inner\"><div class=\"wpb_wrapper\"><div class=\"vc_empty_space\"   style=\"height: 15px\"><span class=\"vc_empty_space_inner\"><\/span><\/div><div class=\"gt-speakers-listing gt-style-1\"><div class=\"gt-columns gt-column-1 gt-column-space-0\"><div class=\"gt-col\"><div class=\"gt-inner\"><div class=\"gt-speaker gt-style-5\"><div class=\"gt-image\"><a href=\"https:\/\/hrdays.net\/en\/speaker\/dr-sc-maja-parmac-kovacic-izv-prof\/\"><img loading=\"lazy\" decoding=\"async\" width=\"615\" height=\"640\" src=\"https:\/\/hrdays.net\/wp-content\/uploads\/2024\/04\/maja-parmac-615x640-1.jpg\" class=\"attachment-eventchamp-speaker size-eventchamp-speaker\" alt=\"\" 0=\"\" srcset=\"https:\/\/hrdays.net\/wp-content\/uploads\/2024\/04\/maja-parmac-615x640-1.jpg 615w, https:\/\/hrdays.net\/wp-content\/uploads\/2024\/04\/maja-parmac-615x640-1-288x300.jpg 288w, https:\/\/hrdays.net\/wp-content\/uploads\/2024\/04\/maja-parmac-615x640-1-12x12.jpg 12w\" sizes=\"auto, (max-width: 615px) 100vw, 615px\" \/><\/a><\/div><div class=\"gt-content\"><div class=\"gt-name\"><a href=\"https:\/\/hrdays.net\/en\/speaker\/dr-sc-maja-parmac-kovacic-izv-prof\/\">dr.sc. Maja Parma\u010d Kova\u010di\u0107<\/a><\/div><div class=\"gt-profession\">adjunct professor | Department of Work Psychology and Ergonomics, Faculty of Philosophy, University of Zagreb<\/div><div class=\"gt-text\">Cultural fusion in the labor market \u2013 how we build bridges of inclusion towards foreign workers<\/div><\/div><\/div><\/div><\/div><\/div><\/div><\/div><\/div><\/div><div class=\"wpb_column vc_column_container vc_col-sm-4\"><div class=\"vc_column-inner\"><div class=\"wpb_wrapper\"><div class=\"vc_empty_space\"   style=\"height: 15px\"><span class=\"vc_empty_space_inner\"><\/span><\/div><div class=\"gt-speakers-listing gt-style-1\"><div class=\"gt-columns gt-column-1 gt-column-space-0\"><div class=\"gt-col\"><div class=\"gt-inner\"><div class=\"gt-speaker gt-style-5\"><div class=\"gt-image\"><a href=\"https:\/\/hrdays.net\/en\/speaker\/dario-perak-2\/\"><img loading=\"lazy\" decoding=\"async\" width=\"615\" height=\"640\" src=\"https:\/\/hrdays.net\/wp-content\/uploads\/2023\/07\/perak-615x640-2.png\" class=\"attachment-eventchamp-speaker size-eventchamp-speaker\" alt=\"\" 0=\"\" srcset=\"https:\/\/hrdays.net\/wp-content\/uploads\/2023\/07\/perak-615x640-2.png 615w, https:\/\/hrdays.net\/wp-content\/uploads\/2023\/07\/perak-615x640-2-288x300.png 288w, https:\/\/hrdays.net\/wp-content\/uploads\/2023\/07\/perak-615x640-2-12x12.png 12w\" sizes=\"auto, (max-width: 615px) 100vw, 615px\" \/><\/a><\/div><div class=\"gt-content\"><div class=\"gt-name\"><a href=\"https:\/\/hrdays.net\/en\/speaker\/dario-perak-2\/\">Dario Perak<\/a><\/div><div class=\"gt-profession\">HR consultant | DeeP Project<\/div><div class=\"gt-text\">Neuroscience in Creating High-Functioning Teams<\/div><\/div><\/div><\/div><\/div><\/div><\/div><\/div><\/div><\/div><div class=\"wpb_column vc_column_container vc_col-sm-4\"><div class=\"vc_column-inner\"><div class=\"wpb_wrapper\"><div class=\"vc_empty_space\"   style=\"height: 15px\"><span class=\"vc_empty_space_inner\"><\/span><\/div><div class=\"gt-speakers-listing gt-style-1\"><div class=\"gt-columns gt-column-1 gt-column-space-0\"><div class=\"gt-col\"><div class=\"gt-inner\"><div class=\"gt-speaker gt-style-5\"><div class=\"gt-image\"><a href=\"https:\/\/hrdays.net\/en\/speaker\/sandra-narancic\/\"><img loading=\"lazy\" decoding=\"async\" width=\"615\" height=\"640\" src=\"https:\/\/hrdays.net\/wp-content\/uploads\/2024\/04\/sandra-narancic-615x640-1.jpg\" class=\"attachment-eventchamp-speaker size-eventchamp-speaker\" alt=\"\" 0=\"\" srcset=\"https:\/\/hrdays.net\/wp-content\/uploads\/2024\/04\/sandra-narancic-615x640-1.jpg 615w, https:\/\/hrdays.net\/wp-content\/uploads\/2024\/04\/sandra-narancic-615x640-1-288x300.jpg 288w, https:\/\/hrdays.net\/wp-content\/uploads\/2024\/04\/sandra-narancic-615x640-1-12x12.jpg 12w\" sizes=\"auto, (max-width: 615px) 100vw, 615px\" \/><\/a><\/div><div class=\"gt-content\"><div class=\"gt-name\"><a href=\"https:\/\/hrdays.net\/en\/speaker\/sandra-narancic\/\">Sandra Naran\u010di\u0107<\/a><\/div><div class=\"gt-profession\">UX Manager | Alma Career Croatia<\/div><div class=\"gt-text\">\"How to Better Employ IT Professionals?\"<\/div><\/div><\/div><\/div><\/div><\/div><\/div><\/div><\/div><\/div><\/div><div class=\"vc_row wpb_row vc_row-fluid gt-background-position-initial gt-background-attachment-initial gt-overflow-hidden gt-text-default\"><div class=\"wpb_column vc_column_container vc_col-sm-4\"><div class=\"vc_column-inner\"><div class=\"wpb_wrapper\"><div class=\"vc_empty_space\"   style=\"height: 15px\"><span class=\"vc_empty_space_inner\"><\/span><\/div><div class=\"gt-speakers-listing gt-style-1\"><div class=\"gt-columns gt-column-1 gt-column-space-0\"><div class=\"gt-col\"><div class=\"gt-inner\"><div class=\"gt-speaker gt-style-5\"><div class=\"gt-image\"><a href=\"https:\/\/hrdays.net\/en\/speaker\/mario-knezevic\/\"><img loading=\"lazy\" decoding=\"async\" width=\"615\" height=\"640\" src=\"https:\/\/hrdays.net\/wp-content\/uploads\/2024\/04\/Mario_Knezevic-615x640-1.png\" class=\"attachment-eventchamp-speaker size-eventchamp-speaker\" alt=\"\" 0=\"\" srcset=\"https:\/\/hrdays.net\/wp-content\/uploads\/2024\/04\/Mario_Knezevic-615x640-1.png 615w, https:\/\/hrdays.net\/wp-content\/uploads\/2024\/04\/Mario_Knezevic-615x640-1-288x300.png 288w, https:\/\/hrdays.net\/wp-content\/uploads\/2024\/04\/Mario_Knezevic-615x640-1-12x12.png 12w\" sizes=\"auto, (max-width: 615px) 100vw, 615px\" \/><\/a><\/div><div class=\"gt-content\"><div class=\"gt-name\"><a href=\"https:\/\/hrdays.net\/en\/speaker\/mario-knezevic\/\">Mario Kne\u017eevi\u0107<\/a><\/div><div class=\"gt-profession\">UX Researcher | Alma Career Croatia<\/div><div class=\"gt-text\">\"How to Better Employ IT Professionals?\"<\/div><\/div><\/div><\/div><\/div><\/div><\/div><\/div><\/div><\/div><div class=\"wpb_column vc_column_container vc_col-sm-4\"><div class=\"vc_column-inner\"><div class=\"wpb_wrapper\"><div class=\"vc_empty_space\"   style=\"height: 15px\"><span class=\"vc_empty_space_inner\"><\/span><\/div><div class=\"gt-speakers-listing gt-style-1\"><div class=\"gt-columns gt-column-1 gt-column-space-0\"><div class=\"gt-col\"><div class=\"gt-inner\"><div class=\"gt-speaker gt-style-5\"><div class=\"gt-image\"><a href=\"https:\/\/hrdays.net\/en\/speaker\/lara-subic-susa-2\/\"><img loading=\"lazy\" decoding=\"async\" width=\"615\" height=\"640\" src=\"https:\/\/hrdays.net\/wp-content\/uploads\/2023\/08\/lara-subic-615x640-1.png\" class=\"attachment-eventchamp-speaker size-eventchamp-speaker\" alt=\"\" 0=\"\" srcset=\"https:\/\/hrdays.net\/wp-content\/uploads\/2023\/08\/lara-subic-615x640-1.png 615w, https:\/\/hrdays.net\/wp-content\/uploads\/2023\/08\/lara-subic-615x640-1-288x300.png 288w, https:\/\/hrdays.net\/wp-content\/uploads\/2023\/08\/lara-subic-615x640-1-12x12.png 12w\" sizes=\"auto, (max-width: 615px) 100vw, 615px\" \/><\/a><\/div><div class=\"gt-content\"><div class=\"gt-name\"><a href=\"https:\/\/hrdays.net\/en\/speaker\/lara-subic-susa-2\/\">Lara \u0160ubi\u0107 \u0160u\u0161a<\/a><\/div><div class=\"gt-profession\">\"Equal Pay Champion\" and \"Employer Partner\" project manager | SELECTIO Grupa<\/div><div class=\"gt-text\">WORKSHOP : Equal pay for equal work<\/div><\/div><\/div><\/div><\/div><\/div><\/div><\/div><\/div><\/div><div class=\"wpb_column vc_column_container vc_col-sm-4\"><div class=\"vc_column-inner\"><div class=\"wpb_wrapper\"><div class=\"vc_empty_space\"   style=\"height: 15px\"><span class=\"vc_empty_space_inner\"><\/span><\/div><div class=\"gt-speakers-listing gt-style-1\"><div class=\"gt-columns gt-column-1 gt-column-space-0\"><div class=\"gt-col\"><div class=\"gt-inner\"><div class=\"gt-speaker gt-style-5\"><div class=\"gt-image\"><a href=\"https:\/\/hrdays.net\/en\/speaker\/ana-petelinsek-2\/\"><img loading=\"lazy\" decoding=\"async\" width=\"615\" height=\"640\" src=\"https:\/\/hrdays.net\/wp-content\/uploads\/2024\/03\/ana-petelinsek-615x640-1.jpg\" class=\"attachment-eventchamp-speaker size-eventchamp-speaker\" alt=\"\" 0=\"\" srcset=\"https:\/\/hrdays.net\/wp-content\/uploads\/2024\/03\/ana-petelinsek-615x640-1.jpg 615w, https:\/\/hrdays.net\/wp-content\/uploads\/2024\/03\/ana-petelinsek-615x640-1-288x300.jpg 288w, https:\/\/hrdays.net\/wp-content\/uploads\/2024\/03\/ana-petelinsek-615x640-1-12x12.jpg 12w\" sizes=\"auto, (max-width: 615px) 100vw, 615px\" \/><\/a><\/div><div class=\"gt-content\"><div class=\"gt-name\"><a href=\"https:\/\/hrdays.net\/en\/speaker\/ana-petelinsek-2\/\">Ana Petelin\u0161ek<\/a><\/div><div class=\"gt-profession\">\"Future Resilience\" project manager | SELECTIO Grupa <\/div><div class=\"gt-text\">Unlocking Future Resilience: How to master Stress and Anxiety?<\/div><\/div><\/div><\/div><\/div><\/div><\/div><\/div><\/div><\/div><\/div><div class=\"vc_row wpb_row vc_row-fluid gt-background-position-initial gt-background-attachment-initial gt-overflow-hidden gt-text-default\"><div class=\"wpb_column vc_column_container vc_col-sm-4\"><div class=\"vc_column-inner\"><div class=\"wpb_wrapper\"><div class=\"vc_empty_space\"   style=\"height: 15px\"><span class=\"vc_empty_space_inner\"><\/span><\/div><div class=\"gt-speakers-listing gt-style-1\"><div class=\"gt-columns gt-column-1 gt-column-space-0\"><div class=\"gt-col\"><div class=\"gt-inner\"><div class=\"gt-speaker gt-style-5\"><div class=\"gt-image\"><a href=\"https:\/\/hrdays.net\/en\/speaker\/hrvojka-kutle\/\"><img loading=\"lazy\" decoding=\"async\" width=\"615\" height=\"640\" src=\"https:\/\/hrdays.net\/wp-content\/uploads\/2024\/04\/hrvojka-615x640-1.png\" class=\"attachment-eventchamp-speaker size-eventchamp-speaker\" alt=\"\" 0=\"\" srcset=\"https:\/\/hrdays.net\/wp-content\/uploads\/2024\/04\/hrvojka-615x640-1.png 615w, https:\/\/hrdays.net\/wp-content\/uploads\/2024\/04\/hrvojka-615x640-1-288x300.png 288w, https:\/\/hrdays.net\/wp-content\/uploads\/2024\/04\/hrvojka-615x640-1-12x12.png 12w\" sizes=\"auto, (max-width: 615px) 100vw, 615px\" \/><\/a><\/div><div class=\"gt-content\"><div class=\"gt-name\"><a href=\"https:\/\/hrdays.net\/en\/speaker\/hrvojka-kutle\/\">Hrvojka Kutle<\/a><\/div><div class=\"gt-profession\">leadership development coach, consultant, mentor, facilitator and coach | Spirala Izvrsnosti<\/div><div class=\"gt-text\">Neuroscience in Creating High-Functioning Teams by Deep Project<\/div><\/div><\/div><\/div><\/div><\/div><\/div><\/div><\/div><\/div><div class=\"wpb_column vc_column_container vc_col-sm-4\"><div class=\"vc_column-inner\"><div class=\"wpb_wrapper\"><div class=\"vc_empty_space\"   style=\"height: 15px\"><span class=\"vc_empty_space_inner\"><\/span><\/div><div class=\"gt-speakers-listing gt-style-1\"><div class=\"gt-columns gt-column-1 gt-column-space-0\"><div class=\"gt-col\"><div class=\"gt-inner\"><div class=\"gt-speaker gt-style-5\"><div class=\"gt-image\"><a href=\"https:\/\/hrdays.net\/en\/speaker\/antun-macan\/\"><img loading=\"lazy\" decoding=\"async\" width=\"615\" height=\"640\" src=\"https:\/\/hrdays.net\/wp-content\/uploads\/2024\/04\/antun-macan-615x640-1.jpg\" class=\"attachment-eventchamp-speaker size-eventchamp-speaker\" alt=\"\" 0=\"\" srcset=\"https:\/\/hrdays.net\/wp-content\/uploads\/2024\/04\/antun-macan-615x640-1.jpg 615w, https:\/\/hrdays.net\/wp-content\/uploads\/2024\/04\/antun-macan-615x640-1-288x300.jpg 288w, https:\/\/hrdays.net\/wp-content\/uploads\/2024\/04\/antun-macan-615x640-1-12x12.jpg 12w\" sizes=\"auto, (max-width: 615px) 100vw, 615px\" \/><\/a><\/div><div class=\"gt-content\"><div class=\"gt-name\"><a href=\"https:\/\/hrdays.net\/en\/speaker\/antun-macan\/\">Antun Macan<\/a><\/div><div class=\"gt-profession\">HR Manager | IBM iX Croatia<\/div><div class=\"gt-text\">To return or not to return<\/div><\/div><\/div><\/div><\/div><\/div><\/div><\/div><\/div><\/div><div class=\"wpb_column vc_column_container vc_col-sm-4\"><div class=\"vc_column-inner\"><div class=\"wpb_wrapper\"><div class=\"vc_empty_space\"   style=\"height: 15px\"><span class=\"vc_empty_space_inner\"><\/span><\/div><div class=\"gt-speakers-listing gt-style-1\"><div class=\"gt-columns gt-column-1 gt-column-space-0\"><div class=\"gt-col\"><div class=\"gt-inner\"><div class=\"gt-speaker gt-style-5\"><div class=\"gt-image\"><a href=\"https:\/\/hrdays.net\/en\/speaker\/nina-stepcic\/\"><img loading=\"lazy\" decoding=\"async\" width=\"615\" height=\"640\" src=\"https:\/\/hrdays.net\/wp-content\/uploads\/2024\/04\/nina-stepcic-615x640-1.jpg\" class=\"attachment-eventchamp-speaker size-eventchamp-speaker\" alt=\"\" 0=\"\" srcset=\"https:\/\/hrdays.net\/wp-content\/uploads\/2024\/04\/nina-stepcic-615x640-1.jpg 615w, https:\/\/hrdays.net\/wp-content\/uploads\/2024\/04\/nina-stepcic-615x640-1-288x300.jpg 288w, https:\/\/hrdays.net\/wp-content\/uploads\/2024\/04\/nina-stepcic-615x640-1-12x12.jpg 12w\" sizes=\"auto, (max-width: 615px) 100vw, 615px\" \/><\/a><\/div><div class=\"gt-content\"><div class=\"gt-name\"><a href=\"https:\/\/hrdays.net\/en\/speaker\/nina-stepcic\/\">Nina Step\u010di\u0107<\/a><\/div><div class=\"gt-profession\">HR Business Partner for Operations | British American Tobacco<\/div><div class=\"gt-text\">Cultural fusion in the labor market \u2013 how we build bridges of inclusion towards foreign workers<\/div><\/div><\/div><\/div><\/div><\/div><\/div><\/div><\/div><\/div><\/div><div class=\"vc_row wpb_row vc_row-fluid gt-background-position-initial gt-background-attachment-initial gt-overflow-hidden gt-text-default\"><div class=\"wpb_column vc_column_container vc_col-sm-4\"><div class=\"vc_column-inner\"><div class=\"wpb_wrapper\"><div class=\"vc_empty_space\"   style=\"height: 15px\"><span class=\"vc_empty_space_inner\"><\/span><\/div><div class=\"gt-speakers-listing gt-style-1\"><div class=\"gt-columns gt-column-1 gt-column-space-0\"><div class=\"gt-col\"><div class=\"gt-inner\"><div class=\"gt-speaker gt-style-5\"><div class=\"gt-image\"><a href=\"https:\/\/hrdays.net\/en\/speaker\/tome-baric\/\"><img loading=\"lazy\" decoding=\"async\" width=\"615\" height=\"640\" src=\"https:\/\/hrdays.net\/wp-content\/uploads\/2024\/04\/tome-baric-615x640-1.png\" class=\"attachment-eventchamp-speaker size-eventchamp-speaker\" alt=\"\" 0=\"\" srcset=\"https:\/\/hrdays.net\/wp-content\/uploads\/2024\/04\/tome-baric-615x640-1.png 615w, https:\/\/hrdays.net\/wp-content\/uploads\/2024\/04\/tome-baric-615x640-1-288x300.png 288w, https:\/\/hrdays.net\/wp-content\/uploads\/2024\/04\/tome-baric-615x640-1-12x12.png 12w\" sizes=\"auto, (max-width: 615px) 100vw, 615px\" \/><\/a><\/div><div class=\"gt-content\"><div class=\"gt-name\"><a href=\"https:\/\/hrdays.net\/en\/speaker\/tome-baric\/\">Tome Bari\u0107<\/a><\/div><div class=\"gt-profession\">Director of Human Resources | INA d.d.<\/div><div class=\"gt-text\">To return or not to return<\/div><\/div><\/div><\/div><\/div><\/div><\/div><\/div><\/div><\/div><div class=\"wpb_column vc_column_container vc_col-sm-4\"><div class=\"vc_column-inner\"><div class=\"wpb_wrapper\"><div class=\"vc_empty_space\"   style=\"height: 15px\"><span class=\"vc_empty_space_inner\"><\/span><\/div><\/div><\/div><\/div><div class=\"wpb_column vc_column_container vc_col-sm-4\"><div class=\"vc_column-inner\"><div class=\"wpb_wrapper\"><div class=\"vc_empty_space\"   style=\"height: 15px\"><span class=\"vc_empty_space_inner\"><\/span><\/div><\/div><\/div><\/div><\/div>\n<\/div>","protected":false},"excerpt":{"rendered":"Direktor Ljudskih resursa | INA d.d. Nakon vi\u0161e od sedamnaest godina rada u ljudskim resursima unutar INA i MOL Grupe, Tome je nedavno preuzeo odgovornost za Ljudske resurse \u010ditave INA Grupe, vode\u0107i tim koji pokriva \u010detiri zemlje u regiji s...","protected":false},"author":65,"featured_media":0,"parent":0,"menu_order":0,"comment_status":"closed","ping_status":"closed","template":"","meta":{"_monsterinsights_skip_tracking":false,"_monsterinsights_sitenote_active":false,"_monsterinsights_sitenote_note":"","_monsterinsights_sitenote_category":0,"footnotes":""},"categories":[155],"tags":[],"class_list":["post-5693","page","type-page","status-publish","hentry","category-predavaci"],"yoast_head":"<!-- This site is optimized with the Yoast SEO plugin v25.3 - https:\/\/yoast.com\/wordpress\/plugins\/seo\/ -->\n<title>Govornici 2024 - HR Days<\/title>\n<meta name=\"description\" content=\"HR Days konferencija odr\u017eat \u0107e se 21. i 22. rujna u Rovinju te obilje\u017eiti 10. godi\u0161njicu okupljanja HR zajednice.Ne propustite deseto izdanje regionalne konferencije gdje vas ponovno o\u010dekuju inspirativna predavanja doma\u0107ih i stranih HR stru\u010dnjaka, prakti\u010dne radionice, networking, paneli o aktualnim temama te nezaboravni provod i iskustvo.\" \/>\n<meta name=\"robots\" content=\"index, follow, max-snippet:-1, max-image-preview:large, max-video-preview:-1\" \/>\n<link rel=\"canonical\" href=\"https:\/\/hrdays.net\/en\/govornici-2024\/\" \/>\n<meta property=\"og:locale\" content=\"en_GB\" \/>\n<meta property=\"og:type\" content=\"article\" \/>\n<meta property=\"og:title\" content=\"Govornici 2024 - HR Days\" \/>\n<meta property=\"og:description\" content=\"HR Days konferencija odr\u017eat \u0107e se 21. i 22. rujna u Rovinju te obilje\u017eiti 10. godi\u0161njicu okupljanja HR zajednice.Ne propustite deseto izdanje regionalne konferencije gdje vas ponovno o\u010dekuju inspirativna predavanja doma\u0107ih i stranih HR stru\u010dnjaka, prakti\u010dne radionice, networking, paneli o aktualnim temama te nezaboravni provod i iskustvo.\" \/>\n<meta property=\"og:url\" content=\"https:\/\/hrdays.net\/en\/govornici-2024\/\" \/>\n<meta property=\"og:site_name\" content=\"HR Days\" \/>\n<meta property=\"article:modified_time\" content=\"2024-09-16T13:09:39+00:00\" \/>\n<meta property=\"og:image\" content=\"https:\/\/hrdays.net\/wp-content\/uploads\/2021\/10\/NG__3964.jpg\" \/>\n\t<meta property=\"og:image:width\" content=\"2048\" \/>\n\t<meta property=\"og:image:height\" content=\"1365\" \/>\n\t<meta property=\"og:image:type\" content=\"image\/jpeg\" \/>\n<meta name=\"twitter:card\" content=\"summary_large_image\" \/>\n<meta name=\"twitter:image\" content=\"https:\/\/hrdays.net\/wp-content\/uploads\/2021\/10\/NG__3964.jpg\" \/>\n<meta name=\"twitter:label1\" content=\"Estimated reading time\" \/>\n\t<meta name=\"twitter:data1\" content=\"3 minutes\" \/>\n<script type=\"application\/ld+json\" class=\"yoast-schema-graph\">{\"@context\":\"https:\/\/schema.org\",\"@graph\":[{\"@type\":\"WebPage\",\"@id\":\"https:\/\/hrdays.net\/govornici-2024\/\",\"url\":\"https:\/\/hrdays.net\/govornici-2024\/\",\"name\":\"Govornici 2024 - HR Days\",\"isPartOf\":{\"@id\":\"https:\/\/hrdays.net\/#website\"},\"datePublished\":\"2022-04-26T13:46:32+00:00\",\"dateModified\":\"2024-09-16T13:09:39+00:00\",\"description\":\"HR Days konferencija odr\u017eat \u0107e se 21. i 22. rujna u Rovinju te obilje\u017eiti 10. godi\u0161njicu okupljanja HR zajednice.Ne propustite deseto izdanje regionalne konferencije gdje vas ponovno o\u010dekuju inspirativna predavanja doma\u0107ih i stranih HR stru\u010dnjaka, prakti\u010dne radionice, networking, paneli o aktualnim temama te nezaboravni provod i iskustvo.\",\"breadcrumb\":{\"@id\":\"https:\/\/hrdays.net\/govornici-2024\/#breadcrumb\"},\"inLanguage\":\"en-GB\",\"potentialAction\":[{\"@type\":\"ReadAction\",\"target\":[\"https:\/\/hrdays.net\/govornici-2024\/\"]}]},{\"@type\":\"BreadcrumbList\",\"@id\":\"https:\/\/hrdays.net\/govornici-2024\/#breadcrumb\",\"itemListElement\":[{\"@type\":\"ListItem\",\"position\":1,\"name\":\"Home\",\"item\":\"https:\/\/hrdays.net\/\"},{\"@type\":\"ListItem\",\"position\":2,\"name\":\"Govornici 2024\"}]},{\"@type\":\"WebSite\",\"@id\":\"https:\/\/hrdays.net\/#website\",\"url\":\"https:\/\/hrdays.net\/\",\"name\":\"HR Days\",\"description\":\"HRDays - konferencija o upravljanju ljudskim resursima\",\"potentialAction\":[{\"@type\":\"SearchAction\",\"target\":{\"@type\":\"EntryPoint\",\"urlTemplate\":\"https:\/\/hrdays.net\/?s={search_term_string}\"},\"query-input\":{\"@type\":\"PropertyValueSpecification\",\"valueRequired\":true,\"valueName\":\"search_term_string\"}}],\"inLanguage\":\"en-GB\"}]}<\/script>\n<!-- \/ Yoast SEO plugin. -->","yoast_head_json":{"title":"Govornici 2024 - HR Days","description":"HR Days konferencija odr\u017eat \u0107e se 21. i 22. rujna u Rovinju te obilje\u017eiti 10. godi\u0161njicu okupljanja HR zajednice.Ne propustite deseto izdanje regionalne konferencije gdje vas ponovno o\u010dekuju inspirativna predavanja doma\u0107ih i stranih HR stru\u010dnjaka, prakti\u010dne radionice, networking, paneli o aktualnim temama te nezaboravni provod i iskustvo.","robots":{"index":"index","follow":"follow","max-snippet":"max-snippet:-1","max-image-preview":"max-image-preview:large","max-video-preview":"max-video-preview:-1"},"canonical":"https:\/\/hrdays.net\/en\/govornici-2024\/","og_locale":"en_GB","og_type":"article","og_title":"Govornici 2024 - HR Days","og_description":"HR Days konferencija odr\u017eat \u0107e se 21. i 22. rujna u Rovinju te obilje\u017eiti 10. godi\u0161njicu okupljanja HR zajednice.Ne propustite deseto izdanje regionalne konferencije gdje vas ponovno o\u010dekuju inspirativna predavanja doma\u0107ih i stranih HR stru\u010dnjaka, prakti\u010dne radionice, networking, paneli o aktualnim temama te nezaboravni provod i iskustvo.","og_url":"https:\/\/hrdays.net\/en\/govornici-2024\/","og_site_name":"HR Days","article_modified_time":"2024-09-16T13:09:39+00:00","og_image":[{"width":2048,"height":1365,"url":"https:\/\/hrdays.net\/wp-content\/uploads\/2021\/10\/NG__3964.jpg","type":"image\/jpeg"}],"twitter_card":"summary_large_image","twitter_image":"https:\/\/hrdays.net\/wp-content\/uploads\/2021\/10\/NG__3964.jpg","twitter_misc":{"Estimated reading time":"3 minutes"},"schema":{"@context":"https:\/\/schema.org","@graph":[{"@type":"WebPage","@id":"https:\/\/hrdays.net\/govornici-2024\/","url":"https:\/\/hrdays.net\/govornici-2024\/","name":"Govornici 2024 - HR Days","isPartOf":{"@id":"https:\/\/hrdays.net\/#website"},"datePublished":"2022-04-26T13:46:32+00:00","dateModified":"2024-09-16T13:09:39+00:00","description":"HR Days konferencija odr\u017eat \u0107e se 21. i 22. rujna u Rovinju te obilje\u017eiti 10. godi\u0161njicu okupljanja HR zajednice.Ne propustite deseto izdanje regionalne konferencije gdje vas ponovno o\u010dekuju inspirativna predavanja doma\u0107ih i stranih HR stru\u010dnjaka, prakti\u010dne radionice, networking, paneli o aktualnim temama te nezaboravni provod i iskustvo.","breadcrumb":{"@id":"https:\/\/hrdays.net\/govornici-2024\/#breadcrumb"},"inLanguage":"en-GB","potentialAction":[{"@type":"ReadAction","target":["https:\/\/hrdays.net\/govornici-2024\/"]}]},{"@type":"BreadcrumbList","@id":"https:\/\/hrdays.net\/govornici-2024\/#breadcrumb","itemListElement":[{"@type":"ListItem","position":1,"name":"Home","item":"https:\/\/hrdays.net\/"},{"@type":"ListItem","position":2,"name":"Govornici 2024"}]},{"@type":"WebSite","@id":"https:\/\/hrdays.net\/#website","url":"https:\/\/hrdays.net\/","name":"HR Days","description":"HRDays - konferencija o upravljanju ljudskim resursima","potentialAction":[{"@type":"SearchAction","target":{"@type":"EntryPoint","urlTemplate":"https:\/\/hrdays.net\/?s={search_term_string}"},"query-input":{"@type":"PropertyValueSpecification","valueRequired":true,"valueName":"search_term_string"}}],"inLanguage":"en-GB"}]}},"_links":{"self":[{"href":"https:\/\/hrdays.net\/en\/wp-json\/wp\/v2\/pages\/5693","targetHints":{"allow":["GET"]}}],"collection":[{"href":"https:\/\/hrdays.net\/en\/wp-json\/wp\/v2\/pages"}],"about":[{"href":"https:\/\/hrdays.net\/en\/wp-json\/wp\/v2\/types\/page"}],"author":[{"embeddable":true,"href":"https:\/\/hrdays.net\/en\/wp-json\/wp\/v2\/users\/65"}],"replies":[{"embeddable":true,"href":"https:\/\/hrdays.net\/en\/wp-json\/wp\/v2\/comments?post=5693"}],"version-history":[{"count":67,"href":"https:\/\/hrdays.net\/en\/wp-json\/wp\/v2\/pages\/5693\/revisions"}],"predecessor-version":[{"id":8954,"href":"https:\/\/hrdays.net\/en\/wp-json\/wp\/v2\/pages\/5693\/revisions\/8954"}],"wp:attachment":[{"href":"https:\/\/hrdays.net\/en\/wp-json\/wp\/v2\/media?parent=5693"}],"wp:term":[{"taxonomy":"category","embeddable":true,"href":"https:\/\/hrdays.net\/en\/wp-json\/wp\/v2\/categories?post=5693"},{"taxonomy":"post_tag","embeddable":true,"href":"https:\/\/hrdays.net\/en\/wp-json\/wp\/v2\/tags?post=5693"}],"curies":[{"name":"wp","href":"https:\/\/api.w.org\/{rel}","templated":true}]}}